{"id":58,"date":"2023-03-13T20:30:48","date_gmt":"2023-03-13T18:30:48","guid":{"rendered":"http:\/\/www.cdlpv.org\/fitxes\/?page_id=58"},"modified":"2026-04-10T13:37:55","modified_gmt":"2026-04-10T11:37:55","slug":"n","status":"publish","type":"page","link":"https:\/\/www.cdlpv.org\/fitxes\/n\/","title":{"rendered":"[N]"},"content":{"rendered":"<ol>\n<li><a href=\"https:\/\/www.cdlpv.org\/fitxes\/n-s-m-n\/\" target=\"_blank\" rel=\"noopener noreferrer\">n. s. m. n.<\/a><\/li>\n<li><a href=\"https:\/\/www.cdlpv.org\/fitxes\/nacht-und-nebel\/\" target=\"_blank\" rel=\"noopener noreferrer\"><em>Nacht und Nebel<\/em><\/a><\/li>\n<li><a href=\"https:\/\/www.cdlpv.org\/fitxes\/namaz\/\" target=\"_blank\" rel=\"noopener\"><em>namaz<\/em><\/a><\/li>\n<li><a href=\"http:\/\/www.einesdellengua.com\/Fitxes\/Textos\/N\/nano.htm\" target=\"_blank\" rel=\"noopener noreferrer\">nano<\/a><\/li>\n<li><a href=\"http:\/\/www.einesdellengua.com\/Fitxes\/Textos\/N\/NAZ.htm\" target=\"_blank\" rel=\"noopener noreferrer\">NAZ<\/a><\/li>\n<li><a href=\"https:\/\/www.cdlpv.org\/fitxes\/namaz\/\" target=\"_blank\" rel=\"noopener noreferrer\"><em>nazma<\/em><\/a><\/li>\n<li><a href=\"https:\/\/www.cdlpv.org\/fitxes\/neandertal\/\" target=\"_blank\" rel=\"noopener noreferrer\">neandertal<\/a><\/li>\n<li><a href=\"http:\/\/www.einesdellengua.com\/Fitxes\/Textos\/N\/negacio.htm\" target=\"_blank\" rel=\"noopener noreferrer\">negaci\u00f3 correctiva<\/a><\/li>\n<li><a href=\"http:\/\/www.einesdellengua.com\/Fitxes\/Textos\/N\/negacionisme.htm\" target=\"_blank\" rel=\"noopener noreferrer\">negacionisme<\/a><\/li>\n<li><a href=\"http:\/\/www.cdlpv.org\/fitxes\/negocial\/\" target=\"_blank\" rel=\"noopener noreferrer\">negocial<\/a><\/li>\n<li><a href=\"http:\/\/www.einesdellengua.com\/Fitxes\/Textos\/G\/GDLC.htm\" target=\"_blank\" rel=\"noopener noreferrer\">negrito<\/a><\/li>\n<li><a href=\"https:\/\/www.cdlpv.org\/fitxes\/negro-tossal\" target=\"_blank\" rel=\"noopener noreferrer\">Negro, tossal<\/a><\/li>\n<li><a href=\"http:\/\/www.einesdellengua.com\/Fitxes\/Textos\/P\/pneumococcic.htm\" target=\"_blank\" rel=\"noopener noreferrer\"><em>neumoc\u00f3cico -ca<\/em><\/a><\/li>\n<li><a href=\"http:\/\/www.cdlpv.org\/fitxes\/fenomens-meteorologics\/\" target=\"_blank\" rel=\"noopener noreferrer\">Ni\u00f1a<\/a><\/li>\n<li><a href=\"http:\/\/www.einesdellengua.com\/Fitxes\/Textos\/N\/Nietzsche.htm\" target=\"_blank\" rel=\"noopener noreferrer\">Nietzsche<\/a><\/li>\n<li><a title=\"nig\u00e8rrim -ma\" href=\"https:\/\/www.cdlpv.org\/fitxes\/nigerrim\" target=\"_blank\" rel=\"nofollow noopener\">nig\u00e8rrim -ma<\/a><\/li>\n<li><a href=\"https:\/\/www.cdlpv.org\/fitxes\/ni-mes-adjectiu\/\" target=\"_blank\" rel=\"noopener noreferrer\">ni m\u00e9s <em>+ adjectiu\/adverbi<\/em><\/a><\/li>\n<li><a href=\"http:\/\/www.cdlpv.org\/fitxes\/nini\/\" target=\"_blank\" rel=\"noopener noreferrer\">ni-ni<\/a><\/li>\n<li><a href=\"https:\/\/www.cdlpv.org\/fitxes\/ningun\/\" target=\"_blank\" rel=\"noopener noreferrer\">ningun -na<\/a><\/li>\n<li><a href=\"http:\/\/www.cdlpv.org\/fitxes\/fenomens-meteorologics\/\" target=\"_blank\" rel=\"noopener noreferrer\">Ni\u00f1o<\/a><\/li>\n<li><a href=\"https:\/\/www.cdlpv.org\/fitxes\/niu-dabella\/\" target=\"_blank\" rel=\"noopener noreferrer\">niu d&#8217;abella<\/a><\/li>\n<li><a href=\"https:\/\/www.cdlpv.org\/fitxes\/nn\/\" target=\"_blank\" rel=\"noopener\">NN<\/a><\/li>\n<li><a href=\"http:\/\/www.einesdellengua.com\/Fitxes\/Textos\/N\/no.htm\" target=\"_blank\" rel=\"noopener noreferrer\">no<\/a><\/li>\n<li><a href=\"https:\/\/www.cdlpv.org\/fitxes\/noningu\" target=\"_blank\" rel=\"noopener\">no ning\u00fa<\/a><\/li>\n<li><a href=\"http:\/\/www.cdlpv.org\/fitxes\/nombres-amigables\/\" target=\"_blank\" rel=\"noopener noreferrer\">nombres amigables<\/a><\/li>\n<li><a href=\"https:\/\/www.cdlpv.org\/fitxes\/nn\/\" target=\"_blank\" rel=\"noopener\"><em>nomen nescio<\/em><\/a><\/li>\n<li><a href=\"http:\/\/www.cdlpv.org\/fitxes\/nomenar\/\" target=\"_blank\" rel=\"noopener noreferrer\">nomenar<\/a><\/li>\n<li><a href=\"http:\/\/www.einesdellengua.com\/Fitxes\/Textos\/V\/valencia2.htm\" target=\"_blank\" rel=\"noopener noreferrer\">nom de la llengua<\/a><\/li>\n<li><a href=\"http:\/\/www.einesdellengua.com\/Fitxes\/Textos\/N\/noms.htm\" target=\"_blank\" rel=\"noopener noreferrer\">noms<\/a><\/li>\n<li><a href=\"http:\/\/www.cdlpv.org\/fitxes\/municipis-i-comarques-del-pais-valencia\/\" target=\"_blank\" rel=\"noopener noreferrer\">noms oficials<\/a><\/li>\n<li><a href=\"https:\/\/www.cdlpv.org\/fitxes\/nn\/\" target=\"_blank\" rel=\"noopener\"><em>non notus<\/em><\/a><\/li>\n<li><a href=\"https:\/\/www.cdlpv.org\/fitxes\/no-ningu\/\" target=\"_blank\" rel=\"noopener\">no-ning\u00fa<\/a><\/li>\n<li><a href=\"http:\/\/www.einesdellengua.com\/Fitxes\/Textos\/N\/noria.htm\" target=\"_blank\" rel=\"noopener noreferrer\">n\u00f2ria<\/a><\/li>\n<li><a href=\"https:\/\/www.cdlpv.org\/fitxes\/normar\/\" target=\"_blank\" rel=\"noopener noreferrer\">normar<\/a><\/li>\n<li><a href=\"https:\/\/www.cdlpv.org\/fitxes\/normar\/\" target=\"_blank\" rel=\"noopener\">normat -ada<\/a><\/li>\n<li><a href=\"http:\/\/www.einesdellengua.com\/Fitxes\/Textos\/N\/normes32.htm\" target=\"_blank\" rel=\"noopener noreferrer\">normes de Castell\u00f3 (1932)<\/a><\/li>\n<li><a href=\"http:\/\/www.einesdellengua.com\/Fitxes\/Textos\/N\/normes32.htm\" target=\"_blank\" rel=\"noopener noreferrer\"><em>Normes d&#8217;ortografia valenciana<\/em><\/a><\/li>\n<li><a href=\"https:\/\/www.cdlpv.org\/fitxes\/noringuen\/\" target=\"_blank\" rel=\"noopener noreferrer\">Noringuen<\/a>*<\/li>\n<li><a href=\"http:\/\/www.einesdellengua.com\/Fitxes\/Textos\/N\/nostalgia.htm\" target=\"_blank\" rel=\"noopener noreferrer\">nost\u00e0lgia<\/a><\/li>\n<li><a href=\"http:\/\/www.einesdellengua.com\/Fitxes\/Textos\/N\/notadeasume.htm\" target=\"_blank\" rel=\"noopener noreferrer\"><em>nota de asume<\/em><\/a><\/li>\n<li><a href=\"http:\/\/www.einesdellengua.com\/Fitxes\/Textos\/N\/notadereparo.htm\" target=\"_blank\" rel=\"noopener noreferrer\"><em>nota de reparo<\/em><\/a><\/li>\n<li><a href=\"http:\/\/www.einesdellengua.com\/Fitxes\/Textos\/N\/notaminimadeacceso.htm\" target=\"_blank\" rel=\"noopener noreferrer\"><em>nota m\u00ednima de acceso<\/em><\/a><\/li>\n<li><a href=\"http:\/\/www.einesdellengua.com\/Fitxes\/Textos\/S\/segles.htm\" target=\"_blank\" rel=\"noopener noreferrer\">nou-cents<\/a><\/li>\n<li><a href=\"https:\/\/www.cdlpv.org\/fitxes\/noure\/\" target=\"_blank\" rel=\"noopener noreferrer\">noure<\/a><\/li>\n<li><a href=\"http:\/\/www.einesdellengua.com\/Fitxes\/Textos\/N\/nucia.htm\" target=\"_blank\" rel=\"noopener noreferrer\">Nucia, la<\/a><\/li>\n<li><a href=\"http:\/\/www.einesdellengua.com\/Fitxes\/Textos\/N\/Nules.htm\" target=\"_blank\" rel=\"noopener noreferrer\">Nules<\/a><\/li>\n<li><a href=\"http:\/\/www.einesdellengua.com\/Fitxes\/Textos\/N\/numeracio.htm\" target=\"_blank\" rel=\"noopener noreferrer\">numeraci\u00f3<\/a><\/li>\n<li><a href=\"http:\/\/www.einesdellengua.com\/Fitxes\/Textos\/N\/NUTS.htm\" target=\"_blank\" rel=\"noopener noreferrer\">NUTS<\/a><\/li>\n<li><a href=\"http:\/\/www.cdlpv.org\/fitxes\/nyas\/\" target=\"_blank\" rel=\"noopener noreferrer\">nyas<\/a><\/li>\n<\/ol>\n","protected":false},"excerpt":{"rendered":"<p>n. s. m. n. Nacht und Nebel namaz nano NAZ nazma neandertal negaci\u00f3 correctiva negacionisme negocial negrito Negro, tossal neumoc\u00f3cico -ca Ni\u00f1a Nietzsche nig\u00e8rrim -ma ni m\u00e9s + adjectiu\/adverbi ni-ni ningun -na Ni\u00f1o niu d&#8217;abella NN no no ning\u00fa nombres amigables nomen nescio nomenar nom de la llengua noms noms oficials non notus no-ning\u00fa n\u00f2ria [&hellip;]<\/p>\n","protected":false},"author":1,"featured_media":0,"parent":0,"menu_order":14,"comment_status":"closed","ping_status":"closed","template":"","meta":{"footnotes":""},"class_list":["post-58","page","type-page","status-publish","hentry"],"post_mailing_queue_ids":[],"_links":{"self":[{"href":"https:\/\/www.cdlpv.org\/fitxes\/wp-json\/wp\/v2\/pages\/58","targetHints":{"allow":["GET"]}}],"collection":[{"href":"https:\/\/www.cdlpv.org\/fitxes\/wp-json\/wp\/v2\/pages"}],"about":[{"href":"https:\/\/www.cdlpv.org\/fitxes\/wp-json\/wp\/v2\/types\/page"}],"author":[{"embeddable":true,"href":"https:\/\/www.cdlpv.org\/fitxes\/wp-json\/wp\/v2\/users\/1"}],"replies":[{"embeddable":true,"href":"https:\/\/www.cdlpv.org\/fitxes\/wp-json\/wp\/v2\/comments?post=58"}],"version-history":[{"count":30,"href":"https:\/\/www.cdlpv.org\/fitxes\/wp-json\/wp\/v2\/pages\/58\/revisions"}],"predecessor-version":[{"id":7869,"href":"https:\/\/www.cdlpv.org\/fitxes\/wp-json\/wp\/v2\/pages\/58\/revisions\/7869"}],"wp:attachment":[{"href":"https:\/\/www.cdlpv.org\/fitxes\/wp-json\/wp\/v2\/media?parent=58"}],"curies":[{"name":"wp","href":"https:\/\/api.w.org\/{rel}","templated":true}]}}