{"id":43,"date":"2024-08-09T20:30:24","date_gmt":"2024-08-09T18:30:24","guid":{"rendered":"http:\/\/www.cdlpv.org\/fitxes\/?page_id=43"},"modified":"2024-08-09T12:23:40","modified_gmt":"2024-08-09T10:23:40","slug":"i","status":"publish","type":"page","link":"https:\/\/www.cdlpv.org\/fitxes\/i\/","title":{"rendered":"[I]"},"content":{"rendered":"<ol>\n<li><a href=\"http:\/\/www.cdlpv.org\/fitxes\/iment-ement\/\" target=\"_blank\" rel=\"noopener noreferrer\">-iment\/-ement<\/a><\/li>\n<li><a href=\"http:\/\/www.einesdellengua.com\/Fitxes\/Textos\/I\/ianomami.htm\" target=\"_blank\" rel=\"noopener noreferrer\">ianomami<\/a><\/li>\n<li><a href=\"http:\/\/www.einesdellengua.com\/Fitxes\/Textos\/I\/ianomami.htm\" target=\"_blank\" rel=\"noopener noreferrer\">ianomamo<\/a><\/li>\n<li><a href=\"http:\/\/www.einesdellengua.com\/Fitxes\/Textos\/I\/IASC.htm\" target=\"_blank\" rel=\"noopener noreferrer\">IASC<\/a><\/li>\n<li><a href=\"https:\/\/www.cdlpv.org\/fitxes\/rovellat\/\" target=\"_blank\" rel=\"noopener\">ibis negre<\/a><\/li>\n<li><a href=\"http:\/\/www.einesdellengua.com\/Fitxes\/Textos\/I\/iber.htm\" target=\"_blank\" rel=\"noopener noreferrer\">iber -ra<\/a><\/li>\n<li><a href=\"https:\/\/www.cdlpv.org\/fitxes\/ibuprofen\/\" target=\"_blank\" rel=\"noopener noreferrer\">ibuprof\u00e9<\/a><\/li>\n<li><a href=\"http:\/\/www.einesdellengua.com\/Fitxes\/Textos\/I\/icnita.htm\" target=\"_blank\" rel=\"noopener noreferrer\">icnita<\/a><\/li>\n<li><a href=\"http:\/\/www.einesdellengua.com\/Fitxes\/Textos\/I\/ics.htm\" target=\"_blank\" rel=\"noopener noreferrer\">ics<\/a><\/li>\n<li><a href=\"https:\/\/www.cdlpv.org\/fitxes\/identitari-taria\/\" target=\"_blank\" rel=\"noopener noreferrer\">identitari -t\u00e0ria<\/a><\/li>\n<li><a href=\"http:\/\/www.einesdellengua.com\/Fitxes\/Textos\/I\/idiolecte.htm\" target=\"_blank\" rel=\"noopener noreferrer\">idiolecte<\/a><\/li>\n<li><a href=\"http:\/\/www.einesdellengua.com\/Fitxes\/Textos\/I\/iec.htm\" target=\"_blank\" rel=\"noopener noreferrer\">IEC<\/a><\/li>\n<li><a href=\"http:\/\/www.einesdellengua.com\/Fitxes\/Textos\/I\/Ieltsin.htm\" target=\"_blank\" rel=\"noopener noreferrer\">Ieltsin<\/a><\/li>\n<li><a href=\"http:\/\/www.einesdellengua.com\/Fitxes\/Textos\/I\/Ienissei.htm\" target=\"_blank\" rel=\"noopener noreferrer\">Ienissei<\/a><\/li>\n<li><a href=\"http:\/\/www.einesdellengua.com\/Fitxes\/Textos\/I\/Ieti.htm\" target=\"_blank\" rel=\"noopener noreferrer\">Ieti<\/a><\/li>\n<li><a href=\"http:\/\/www.einesdellengua.com\/Fitxes\/Textos\/I\/iev.htm\" target=\"_blank\" rel=\"noopener noreferrer\">IEV<\/a><\/li>\n<li><a href=\"http:\/\/www.einesdellengua.com\/Fitxes\/Textos\/I\/ILT.htm\" target=\"_blank\" rel=\"noopener noreferrer\">ILT<\/a><\/li>\n<li><a href=\"http:\/\/www.einesdellengua.com\/Fitxes\/Textos\/I\/imazalil.htm\" target=\"_blank\" rel=\"noopener noreferrer\">imazalil<\/a><\/li>\n<li><a href=\"http:\/\/www.einesdellengua.com\/Fitxes\/Textos\/I\/imela.htm\" target=\"_blank\" rel=\"noopener noreferrer\">imela<\/a><\/li>\n<li><a href=\"http:\/\/www.einesdellengua.com\/Fitxes\/Textos\/I\/immediacio.htm\" target=\"_blank\" rel=\"noopener noreferrer\">immediaci\u00f3<\/a><\/li>\n<li><a href=\"http:\/\/www.einesdellengua.com\/Fitxes\/Textos\/I\/immissio.htm\" target=\"_blank\" rel=\"noopener noreferrer\">immissi\u00f3<\/a><\/li>\n<li><a href=\"http:\/\/www.einesdellengua.com\/Fitxes\/Textos\/I\/immobilitzat.htm\" target=\"_blank\" rel=\"noopener noreferrer\">immobilitzat material<\/a><\/li>\n<li><a href=\"http:\/\/www.einesdellengua.com\/Fitxes\/Textos\/I\/impas.htm\" target=\"_blank\" rel=\"noopener noreferrer\">imp\u00e0s<\/a><\/li>\n<li><a href=\"http:\/\/www.einesdellengua.com\/Fitxes\/Textos\/I\/imperialisme.htm\" target=\"_blank\" rel=\"noopener noreferrer\">imperialisme<\/a><\/li>\n<li><a href=\"http:\/\/www.einesdellengua.com\/Fitxes\/Textos\/I\/impostconsum.htm\" target=\"_blank\" rel=\"noopener noreferrer\">impost de consum espec\u00edfic<\/a><\/li>\n<li><a href=\"http:\/\/www.einesdellengua.com\/Fitxes\/Textos\/I\/inadmissio.htm\" target=\"_blank\" rel=\"noopener noreferrer\">inadmetre<\/a><\/li>\n<li><a href=\"http:\/\/www.einesdellengua.com\/Fitxes\/Textos\/I\/inadmissio.htm\" target=\"_blank\" rel=\"noopener noreferrer\"><em>inadmitir<\/em><\/a><\/li>\n<li><a href=\"http:\/\/www.einesdellengua.com\/Fitxes\/Textos\/I\/inadmissio.htm\" target=\"_blank\" rel=\"noopener noreferrer\"><em>inadmisi\u00f3n<\/em><\/a><\/li>\n<li><a href=\"http:\/\/www.einesdellengua.com\/Fitxes\/Textos\/I\/inadmissio.htm\" target=\"_blank\" rel=\"noopener noreferrer\">inadmissi\u00f3<\/a><\/li>\n<li><a href=\"http:\/\/www.einesdellengua.com\/Fitxes\/Textos\/I\/incardinar.htm\" target=\"_blank\" rel=\"noopener noreferrer\">incardinar<\/a><\/li>\n<li><a href=\"https:\/\/www.cdlpv.org\/fitxes\/incel\/\" target=\"_blank\" rel=\"noopener\">\u00edncel<\/a>*<\/li>\n<li><a href=\"http:\/\/www.cdlpv.org\/fitxes\/incentivar\/\" target=\"_blank\" rel=\"noopener noreferrer\">incentivador -ra<\/a><\/li>\n<li><a href=\"http:\/\/www.cdlpv.org\/fitxes\/incentivar\/\" target=\"_blank\" rel=\"noopener noreferrer\">incentivar<\/a><\/li>\n<li><a href=\"http:\/\/www.einesdellengua.com\/Fitxes\/Textos\/I\/inclus.htm\" target=\"_blank\" rel=\"noopener noreferrer\">incl\u00fas<\/a><\/li>\n<li><a href=\"http:\/\/www.einesdellengua.com\/Fitxes\/Textos\/M\/morfologiaverbal.htm\" target=\"_blank\" rel=\"noopener noreferrer\">incoatius<\/a><\/li>\n<li><a href=\"http:\/\/www.einesdellengua.com\/Fitxes\/Textos\/I\/inconclus.htm\" target=\"_blank\" rel=\"noopener noreferrer\">inconcl\u00fas -usa<\/a><\/li>\n<li><a href=\"http:\/\/www.einesdellengua.com\/Fitxes\/Textos\/I\/incoterm.htm\" target=\"_blank\" rel=\"noopener noreferrer\">incoterm<\/a><\/li>\n<li><a href=\"http:\/\/www.einesdellengua.com\/Fitxes\/Textos\/I\/incurs.htm\" target=\"_blank\" rel=\"noopener noreferrer\">incurs -sa<\/a><\/li>\n<li><a href=\"http:\/\/www.einesdellengua.com\/Fitxes\/Textos\/I\/indecidibilitat.htm\" target=\"_blank\" rel=\"noopener noreferrer\">indecidibilitat<\/a><\/li>\n<li><a href=\"http:\/\/www.einesdellengua.com\/Fitxes\/Textos\/I\/Indexpla.htm\" target=\"_blank\" rel=\"noopener noreferrer\">Indexpl\u00e0<\/a><\/li>\n<li><a href=\"http:\/\/www.einesdellengua.com\/Fitxes\/Textos\/I\/indoor.htm\" target=\"_blank\" rel=\"noopener noreferrer\"><em>indoor<\/em><\/a><\/li>\n<li><a href=\"http:\/\/www.einesdellengua.com\/Fitxes\/Textos\/I\/inefectividad.htm\" target=\"_blank\" rel=\"noopener noreferrer\"><em>inefectividad<\/em><\/a><\/li>\n<li><a href=\"http:\/\/www.einesdellengua.com\/Fitxes\/Textos\/I\/inflacionista.htm\" target=\"_blank\" rel=\"noopener noreferrer\">inflacionista<\/a><\/li>\n<li><a href=\"http:\/\/www.cdlpv.org\/fitxes\/informar\/\" target=\"_blank\" rel=\"noopener noreferrer\">informar<\/a><\/li>\n<li><a href=\"http:\/\/www.einesdellengua.com\/Fitxes\/Textos\/I\/infotainment.htm\" target=\"_blank\" rel=\"noopener noreferrer\"><em>infotainment<\/em><\/a>*<\/li>\n<li><a href=\"http:\/\/www.einesdellengua.com\/Fitxes\/Textos\/I\/innecesariedad.htm\" target=\"_blank\" rel=\"noopener noreferrer\"><em>innecesariedad<\/em><\/a>*<\/li>\n<li><a href=\"http:\/\/www.einesdellengua.com\/Fitxes\/Textos\/I\/innecessarietat.htm\" target=\"_blank\" rel=\"noopener noreferrer\">innecessarietat<\/a>*<\/li>\n<li><a href=\"http:\/\/www.einesdellengua.com\/Fitxes\/Textos\/I\/inputoutput.htm\" target=\"_blank\" rel=\"noopener noreferrer\"><em>input-output<\/em><\/a><\/li>\n<li><a href=\"http:\/\/www.einesdellengua.com\/Fitxes\/Textos\/I\/inquisidors.htm\" target=\"_blank\" rel=\"noopener noreferrer\">inquisidors<\/a><\/li>\n<li><a href=\"http:\/\/www.einesdellengua.com\/Fitxes\/Textos\/I\/insigne.htm\" target=\"_blank\" rel=\"noopener noreferrer\">insigne<\/a>*<\/li>\n<li><a href=\"http:\/\/www.einesdellengua.com\/Fitxes\/Textos\/I\/insigne.htm\" target=\"_blank\" rel=\"noopener noreferrer\">ins\u00ednia<\/a>*<\/li>\n<li><a href=\"http:\/\/www.einesdellengua.com\/Fitxes\/Textos\/I\/iec.htm\" target=\"_blank\" rel=\"noopener noreferrer\">Institut d&#8217;Estudis Catalans (IEC)<\/a><\/li>\n<li><a href=\"http:\/\/www.einesdellengua.com\/Fitxes\/Textos\/I\/iev.htm\" target=\"_blank\" rel=\"noopener noreferrer\">Institut d&#8217;Estudis Valencians (IEV)<\/a><\/li>\n<li><a href=\"https:\/\/www.cdlpv.org\/fitxes\/instructa\/\" target=\"_blank\" rel=\"noopener noreferrer\">instructa<\/a>*<\/li>\n<li><a href=\"https:\/\/www.cdlpv.org\/fitxes\/instrumentar\/\" target=\"_blank\" rel=\"noopener noreferrer\">instrumentar<\/a><\/li>\n<li><a href=\"http:\/\/www.cdlpv.org\/fitxes\/integralitat\/\" target=\"_blank\" rel=\"noopener noreferrer\">integralitat<\/a><\/li>\n<li><a href=\"http:\/\/www.cdlpv.org\/fitxes\/interfon\/\" target=\"_blank\" rel=\"noopener noreferrer\">intercomunicador<\/a><\/li>\n<li><a href=\"http:\/\/www.einesdellengua.com\/Fitxes\/Textos\/I\/interesar.htm\" target=\"_blank\" rel=\"noopener noreferrer\"><em>interesar<\/em><\/a><\/li>\n<li><a href=\"http:\/\/www.cdlpv.org\/fitxes\/interfon\/\" target=\"_blank\" rel=\"noopener noreferrer\">int\u00e8rfon<\/a><\/li>\n<li><a href=\"http:\/\/www.einesdellengua.com\/Fitxes\/Textos\/I\/interhamwe.htm\" target=\"_blank\" rel=\"noopener noreferrer\"><em>interhamwe<\/em><\/a><\/li>\n<li><a href=\"http:\/\/www.einesdellengua.com\/Fitxes\/Textos\/A\/auto.htm\" target=\"_blank\" rel=\"noopener noreferrer\">interlocut\u00f2ria<\/a><\/li>\n<li><a href=\"http:\/\/www.einesdellengua.com\/Fitxes\/Textos\/I\/interque.htm\" target=\"_blank\" rel=\"noopener noreferrer\">Interqu\u00e8<\/a><\/li>\n<li><a href=\"https:\/\/www.cdlpv.org\/fitxes\/interposar\/\" target=\"_blank\" rel=\"noopener\">interposar<\/a><\/li>\n<li><a href=\"http:\/\/www.einesdellengua.com\/Fitxes\/Textos\/I\/interrogants.htm\" target=\"_blank\" rel=\"noopener noreferrer\">interrogants<\/a><\/li>\n<li><a href=\"http:\/\/www.einesdellengua.com\/Fitxes\/Textos\/I\/intervinent.htm\" target=\"_blank\" rel=\"noopener noreferrer\">intervinent<\/a><\/li>\n<li><a href=\"http:\/\/www.einesdellengua.com\/Fitxes\/Textos\/I\/interviniente.htm\" target=\"_blank\" rel=\"noopener noreferrer\"><em>interviniente<\/em><\/a>*<\/li>\n<li><a href=\"http:\/\/www.einesdellengua.com\/Fitxes\/Textos\/B\/bullying.htm\" target=\"_blank\" rel=\"noopener noreferrer\">intimidaci\u00f3 escolar<\/a><\/li>\n<li><a href=\"https:\/\/www.cdlpv.org\/fitxes\/intro\/\" target=\"_blank\" rel=\"noopener\">Intro<\/a><\/li>\n<li><a href=\"http:\/\/www.einesdellengua.com\/Fitxes\/Textos\/I\/INUSCAT.htm\" target=\"_blank\" rel=\"noopener noreferrer\">INUSCAT<\/a><\/li>\n<li><a href=\"http:\/\/www.einesdellengua.com\/Fitxes\/Textos\/I\/inversions.htm\" target=\"_blank\" rel=\"noopener noreferrer\">inversions en pol\u00edtica ling\u00fc\u00edstica<\/a><\/li>\n<li><a href=\"http:\/\/www.einesdellengua.com\/Fitxes\/Textos\/I\/IPC.htm\" target=\"_blank\" rel=\"noopener noreferrer\">IPC<\/a><\/li>\n<li><a href=\"http:\/\/www.einesdellengua.com\/Fitxes\/Textos\/I\/IPO.htm\" target=\"_blank\" rel=\"noopener noreferrer\">IPO<\/a><\/li>\n<li><a href=\"http:\/\/www.einesdellengua.com\/Fitxes\/Textos\/I\/IRPH.htm\" target=\"_blank\" rel=\"noopener noreferrer\">IRPH<\/a><\/li>\n<li><a href=\"http:\/\/www.einesdellengua.com\/Fitxes\/Textos\/R\/restricte.htm\" target=\"_blank\" rel=\"noopener noreferrer\">irrestricte -ta<\/a><\/li>\n<li><a href=\"http:\/\/www.cdlpv.org\/fitxes\/iseta\/\" target=\"_blank\" rel=\"noopener noreferrer\">iseta<\/a><\/li>\n<li><a href=\"https:\/\/www.cdlpv.org\/fitxes\/daix\/\" target=\"_blank\" rel=\"noopener noreferrer\"><em>ISIS<\/em><\/a><\/li>\n<li><a href=\"http:\/\/www.einesdellengua.com\/Fitxes\/Textos\/I\/ISO.htm\" target=\"_blank\" rel=\"noopener noreferrer\">ISO<\/a><\/li>\n<li><a href=\"http:\/\/www.einesdellengua.com\/Fitxes\/Textos\/I\/isqueta.htm\" target=\"_blank\" rel=\"noopener noreferrer\">isqueta<\/a>*<\/li>\n<li><a href=\"http:\/\/www.einesdellengua.com\/Fitxes\/Textos\/I\/itzar.htm\" target=\"_blank\" rel=\"noopener noreferrer\">-itzar<\/a><\/li>\n<li><a href=\"http:\/\/www.einesdellengua.com\/Fitxes\/Textos\/I\/iukaghir.htm\" target=\"_blank\" rel=\"noopener noreferrer\">iukaghir<\/a><\/li>\n<li><a href=\"https:\/\/www.cdlpv.org\/fitxes\/repercutir\/\" target=\"_blank\" rel=\"noopener noreferrer\">IVA<\/a><\/li>\n<li><a href=\"http:\/\/www.einesdellengua.com\/Fitxes\/Textos\/I\/ixentsivolades.htm\" target=\"_blank\" rel=\"noopener noreferrer\">ixents i volades<\/a><\/li>\n<\/ol>\n","protected":false},"excerpt":{"rendered":"<p>-iment\/-ement ianomami ianomamo IASC ibis negre iber -ra ibuprof\u00e9 icnita ics identitari -t\u00e0ria idiolecte IEC Ieltsin Ienissei Ieti IEV ILT imazalil imela immediaci\u00f3 immissi\u00f3 immobilitzat material imp\u00e0s imperialisme impost de consum espec\u00edfic inadmetre inadmitir inadmisi\u00f3n inadmissi\u00f3 incardinar \u00edncel* incentivador -ra incentivar incl\u00fas incoatius inconcl\u00fas -usa incoterm incurs -sa indecidibilitat Indexpl\u00e0 indoor inefectividad inflacionista informar infotainment* [&hellip;]<\/p>\n","protected":false},"author":1,"featured_media":0,"parent":0,"menu_order":9,"comment_status":"closed","ping_status":"closed","template":"","meta":{"footnotes":""},"class_list":["post-43","page","type-page","status-publish","hentry"],"post_mailing_queue_ids":[],"_links":{"self":[{"href":"https:\/\/www.cdlpv.org\/fitxes\/wp-json\/wp\/v2\/pages\/43","targetHints":{"allow":["GET"]}}],"collection":[{"href":"https:\/\/www.cdlpv.org\/fitxes\/wp-json\/wp\/v2\/pages"}],"about":[{"href":"https:\/\/www.cdlpv.org\/fitxes\/wp-json\/wp\/v2\/types\/page"}],"author":[{"embeddable":true,"href":"https:\/\/www.cdlpv.org\/fitxes\/wp-json\/wp\/v2\/users\/1"}],"replies":[{"embeddable":true,"href":"https:\/\/www.cdlpv.org\/fitxes\/wp-json\/wp\/v2\/comments?post=43"}],"version-history":[{"count":27,"href":"https:\/\/www.cdlpv.org\/fitxes\/wp-json\/wp\/v2\/pages\/43\/revisions"}],"predecessor-version":[{"id":7033,"href":"https:\/\/www.cdlpv.org\/fitxes\/wp-json\/wp\/v2\/pages\/43\/revisions\/7033"}],"wp:attachment":[{"href":"https:\/\/www.cdlpv.org\/fitxes\/wp-json\/wp\/v2\/media?parent=43"}],"curies":[{"name":"wp","href":"https:\/\/api.w.org\/{rel}","templated":true}]}}