{"id":2533,"date":"2019-07-16T12:53:44","date_gmt":"2019-07-16T10:53:44","guid":{"rendered":"http:\/\/www.cdlpv.org\/fitxes\/?page_id=2533"},"modified":"2023-06-28T16:37:43","modified_gmt":"2023-06-28T14:37:43","slug":"transcripcio-arab-iec-1999","status":"publish","type":"page","link":"https:\/\/www.cdlpv.org\/fitxes\/transcripcio-arab-iec-1999\/","title":{"rendered":"Transcripci\u00f3 simplificada de noms \u00e0rabs (IEC, 1999)"},"content":{"rendered":"<p>Llista de noms \u00e0rabs extrets de la versi\u00f3 amb transcripci\u00f3 simplificada elaborada per l&#8217;IEC (criteris del 1989) <a href=\"https:\/\/publicacions.iec.cat\/repository\/pdf\/00000041\/00000059.pdf\" target=\"_blank\" rel=\"noopener\"><i class=\"fas fa-file-pdf\" aria-label=\"Document de l\\'IEC\"><\/i><\/a> i Llu\u00eds B. Polanco (1999): <a href=\"https:\/\/www.cdlpv.org\/fitxes\/wp-content\/uploads\/2019\/07\/IEC-1999-Noms-%c3%a0rabs.pdf\" target=\"_blank\" rel=\"noopener\"><i class=\"fas fa-file-pdf\" aria-label=\"Document\"><\/i><\/a><\/p>\n<blockquote><p>Abd al-M\u00e0lik<br \/>\nAbd al-Mumin<br \/>\n<a href=\"https:\/\/ca.wikipedia.org\/wiki\/Abd-Al%C2%B7lah_(nom)\" target=\"_blank\" rel=\"noopener noreferrer\">Abd-A\u0140lah<\/a> (rei de Granada)<br \/>\nAbd-A\u0140lah at-Tarjuman al-Mayurq\u00ed al-M\u00fahtadi (<a href=\"https:\/\/ca.wikipedia.org\/wiki\/Anselm_Turmeda\" target=\"_blank\" rel=\"noopener noreferrer\">Anselm Turmeda<\/a>)<br \/>\nAbd-ar-Rahman III<br \/>\nAbu-Bakr<br \/>\nAbu-J\u00e0far \u00c0hmad al-M\u00faqtadir (de Saragossa)<br \/>\nal-\u00c0ndalus<br \/>\nal-H\u00e0jib (de Lleida)<br \/>\nal-H\u00e0kam<br \/>\nAl\u00ed an-N\u00e0ssir<br \/>\nAl\u00ed ibn Y\u00fasuf<br \/>\nal-Mansur<br \/>\nal-Mudh\u00e0ffar (de Lleida)<br \/>\nal-Mundhir ibn Yahy\u00e0 (de Saragossa)<br \/>\nal-Mundhir Imad ad-Dawla (de Saragossa)<br \/>\nal-M\u00fatamid (de Sevilla)<br \/>\nal-Q\u00e0dir<br \/>\nal-Q\u00e0ssim<br \/>\nBanu Hud<br \/>\nBanu Tujib (de Saragossa)<br \/>\nBayan d\u2019ibn Idhar\u00ed al-Marrakuix\u00ed<br \/>\nH\u00e0sim [<em>o<\/em> Haixim] ibn Abd-al-Aziz<br \/>\nHixam II<br \/>\nIbn Abbad (rei de Sevilla)<br \/>\nIbn al-Khatib<br \/>\nIbn Benist<br \/>\nIbn Hayyan<br \/>\nJ\u00e0far<br \/>\nmadina Barxinuna<br \/>\nMuadh ab\u00fa Tamim al-Must\u00e0nsir bi-\u013flah<br \/>\nMuh\u00e0mmad ibn Sad ibn Mardanix [el rei Llop] (de M\u00farcia)<br \/>\nRaixid (fill d\u2019al-M\u00fatamid, de Sevilla)<br \/>\n<a href=\"https:\/\/ar.wikipedia.org\/wiki\/%D8%A7%D9%84%D8%B1%D9%88%D8%B6_%D8%A7%D9%84%D9%85%D8%B9%D8%B7%D8%A7%D8%B1_%D9%81%D9%8A_%D8%AE%D8%A8%D8%B1_%D8%A7%D9%84%D8%A3%D9%82%D8%B7%D8%A7%D8%B1\" target=\"_blank\" rel=\"noopener noreferrer\"><em>Rawd al-mitar<\/em><\/a> (t\u00edtol d\u2019un llibre: <em>El jard\u00ed fragant<\/em>)<br \/>\nSulayman ibn Muh\u00e0mmad ibn Hud<br \/>\n\u00damar (<em>per\u00f2<\/em> Omar <em>quan es tracta del segon califa ortodox<\/em>)<br \/>\nUthamn (fill del rei de Val\u00e8ncia)<br \/>\nYahy\u00e0 al-Mamun (de Toledo-Val\u00e8ncia)<br \/>\nYahy\u00e0 al-Mutal\u00ed (de Ceuta)<br \/>\nY\u00fasuf ibn Taixuf\u00edn<\/p><\/blockquote>\n","protected":false},"excerpt":{"rendered":"<p>Llista de noms \u00e0rabs extrets de la versi\u00f3 amb transcripci\u00f3 simplificada elaborada per l&#8217;IEC (criteris del 1989) i Llu\u00eds B. Polanco (1999): Abd al-M\u00e0lik Abd al-Mumin Abd-A\u0140lah (rei de Granada) Abd-A\u0140lah at-Tarjuman al-Mayurq\u00ed al-M\u00fahtadi (Anselm Turmeda) Abd-ar-Rahman III Abu-Bakr Abu-J\u00e0far \u00c0hmad al-M\u00faqtadir (de Saragossa) al-\u00c0ndalus al-H\u00e0jib (de Lleida) al-H\u00e0kam Al\u00ed an-N\u00e0ssir Al\u00ed ibn Y\u00fasuf al-Mansur [&hellip;]<\/p>\n","protected":false},"author":1,"featured_media":0,"parent":0,"menu_order":0,"comment_status":"closed","ping_status":"closed","template":"","meta":{"footnotes":""},"class_list":["post-2533","page","type-page","status-publish","hentry"],"post_mailing_queue_ids":[],"_links":{"self":[{"href":"https:\/\/www.cdlpv.org\/fitxes\/wp-json\/wp\/v2\/pages\/2533","targetHints":{"allow":["GET"]}}],"collection":[{"href":"https:\/\/www.cdlpv.org\/fitxes\/wp-json\/wp\/v2\/pages"}],"about":[{"href":"https:\/\/www.cdlpv.org\/fitxes\/wp-json\/wp\/v2\/types\/page"}],"author":[{"embeddable":true,"href":"https:\/\/www.cdlpv.org\/fitxes\/wp-json\/wp\/v2\/users\/1"}],"replies":[{"embeddable":true,"href":"https:\/\/www.cdlpv.org\/fitxes\/wp-json\/wp\/v2\/comments?post=2533"}],"version-history":[{"count":9,"href":"https:\/\/www.cdlpv.org\/fitxes\/wp-json\/wp\/v2\/pages\/2533\/revisions"}],"predecessor-version":[{"id":5956,"href":"https:\/\/www.cdlpv.org\/fitxes\/wp-json\/wp\/v2\/pages\/2533\/revisions\/5956"}],"wp:attachment":[{"href":"https:\/\/www.cdlpv.org\/fitxes\/wp-json\/wp\/v2\/media?parent=2533"}],"curies":[{"name":"wp","href":"https:\/\/api.w.org\/{rel}","templated":true}]}}