{"id":177,"date":"2015-10-29T19:16:48","date_gmt":"2015-10-29T17:16:48","guid":{"rendered":"http:\/\/www.cdlpv.org\/fitxes\/?page_id=177"},"modified":"2023-09-04T13:35:51","modified_gmt":"2023-09-04T11:35:51","slug":"bibliografia","status":"publish","type":"page","link":"https:\/\/www.cdlpv.org\/fitxes\/bibliografia\/","title":{"rendered":"Bibliografia"},"content":{"rendered":"<p style=\"text-align: right;\"><div class=\"su-note\"  style=\"border-color:#e5e54c;border-radius:3px;-moz-border-radius:3px;-webkit-border-radius:3px;\"><div class=\"su-note-inner su-u-clearfix su-u-trim\" style=\"background-color:#FFFF66;border-color:#ffffff;color:#333333;border-radius:3px;-moz-border-radius:3px;-webkit-border-radius:3px;\">Vegeu tamb\u00e9: <em><a href=\"https:\/\/lameuabiblioteca.blogspot.com\/\" target=\"_blank\" rel=\"noopener noreferrer\">La Meua Biblioteca<\/a>.<\/em><\/div><\/div>\n<p style=\"text-align: center;\"><strong>Bibliografia m\u00e9s utilitzada<\/strong><\/p>\n<ul>\n<li><span class=\"versaleta\">alc.<\/span><br \/>\n<em>Diccionari catal\u00e0-valenci\u00e0-balear<\/em>, Antoni Maria Alcover i Francesc de Borja Moll, ed. Moll, 1928-1962.<\/p>\n<hr \/>\n<\/li>\n<li><span class=\"versaleta\">alcover<\/span><br \/>\n<em>Diccionari catal\u00e0-valenci\u00e0-balear<\/em>, Antoni Maria Alcover i Francesc de Borja Moll, ed. Moll, 1928-1962.<\/p>\n<hr \/>\n<\/li>\n<li><span class=\"versaleta\"><em>aldc<\/em><\/span><br \/>\n<em>Atles ling\u00fc\u00edstic del domini catal\u00e0<\/em>, Barcelona, ed. Institut d&#8217;Estudis Catalans. [<a href=\"https:\/\/www.cdlpv.org\/fitxes\/aldc-punts-denquesta\/\" target=\"_blank\" rel=\"noopener noreferrer\">Veg.<\/a> punts d&#8217;enquesta].<\/p>\n<hr \/>\n<\/li>\n<li><span class=\"versaleta\"><em>aldt<\/em><\/span><br \/>\n<em>Atles ling\u00fc\u00edstic de la di\u00f2cesi de Tortosa<\/em>, Llu\u00eds Gimeno Bet\u00ed, Barcelona, ed. Institut d&#8217;Estudis Catalans, 1997.<\/p>\n<hr \/>\n<\/li>\n<li><span class=\"versaleta\"><em>atlasocells<\/em><\/span><br \/>\n<em>Atlas dels ocells nidificants de Catalunya i Andorra<\/em>, Barcelona, ed. Ketres.<\/p>\n<hr \/>\n<\/li>\n<li><span class=\"versaleta\"><em>avui<\/em><\/span><br \/>\n<em>Diari Avui<\/em>.<\/p>\n<hr \/>\n<\/li>\n<li><span class=\"versaleta\"><em>badia<\/em><\/span><br \/>\n<em>Gram\u00e0tica de la llengua catalana, <\/em>Barcelona, ed. Enciclop\u00e8dia Catalana, 1994.<\/p>\n<hr \/>\n<\/li>\n<li><span class=\"versaleta\">bjm<\/span><br \/>\n<em>Un espai per a una llengua<\/em>, Bernat Joan i Mar\u00ed, 3i4, 1998.<\/p>\n<hr \/>\n<\/li>\n<li><span class=\"versaleta\">boix, v. (1863)<\/span><br \/>\n<em>Valencia hist\u00f3rica y topogr\u00e1fica<\/em>, Vicent Boix, Val\u00e8ncia, ed. Par\u00eds-Valencia, 1979 (1862), 2 v., p\u00e0g. V-XXVI-1-373\/5-295.<\/p>\n<hr \/>\n<\/li>\n<li><span class=\"versaleta\">Bosque i Demonte (1999)<\/span><br \/>\n<em>Gram\u00e1tica descriptiva de la lengua espa\u00f1ola<\/em> d&#8217;Ignacio Bosque i Violeta Demonte, ed. Espasa Calpe, 1999.<\/p>\n<hr \/>\n<\/li>\n<li><span class=\"versaleta\">bramon<\/span><br \/>\n<em>De quan \u00e9rem o no catalans<\/em>, ed. Eumo, 2000.<\/p>\n<hr \/>\n<\/li>\n<li><span class=\"versaleta\">cabentorn1<\/span><br \/>\n<em>A l&#8217;entorn de la paraula (I). Lexicologia general<\/em>, Maria Teresa Cabr\u00e9 i Castellv\u00ed, ed. Universitat de Val\u00e8ncia, 1994.<\/p>\n<hr \/>\n<\/li>\n<li><span class=\"versaleta\">cabentorn2<\/span><br \/>\n<em>A l&#8217;entorn de la paraula (II). Lexicologia catalana<\/em>, Maria Teresa Cabr\u00e9 i Castellv\u00ed, ed. Universitat de Val\u00e8ncia, 1994.<\/p>\n<hr \/>\n<\/li>\n<li><span class=\"versaleta\">cabterm<\/span><br \/>\n<em>La terminologia. La teoria, els m\u00e8todes, les aplicacions<\/em>, Maria Teresa Cabr\u00e9 i Castellv\u00ed, ed. Emp\u00faries, 1992.<\/p>\n<hr \/>\n<\/li>\n<li><span class=\"versaleta\">catach<\/span><br \/>\n<em>La ponctuation<\/em>, Nina Catach, ed. Presses Universitaires de France, 1996.<\/p>\n<hr \/>\n<\/li>\n<li><em><span class=\"versaleta\">catmod<\/span><\/em><br \/>\n<em>El catal\u00e0 modern<\/em>, August Rafanell, ed. Emp\u00faries, 2000.<\/p>\n<hr \/>\n<\/li>\n<li><span class=\"versaleta\">cea<\/span><br \/>\n<em>Diccionario comentado de terminolog\u00eda inform\u00e1tica<\/em>, G. Aguado de Cea, ed. Paraninfo, 1994.<\/p>\n<hr \/>\n<\/li>\n<li><span class=\"versaleta\"><em>clave<\/em><\/span><br \/>\n<em>Clave. Diccionario de uso del espa\u00f1ol actual<\/em>, Madrid, ed. SM.<\/p>\n<hr \/>\n<\/li>\n<li><span class=\"versaleta\">citoc<\/span><br \/>\n<em>Congr\u00e9s Internacional de Topon\u00edmia i Onom\u00e0stica Catalanes<\/em>, Val\u00e8ncia, ed. Denes, 2002, p\u00e0g. V-XX\/1-1088.<\/p>\n<hr \/>\n<\/li>\n<li><span class=\"versaleta\">colomina<\/span><br \/>\n<em>El valenci\u00e0 de la Marina Baixa<\/em>, Val\u00e8ncia, ed. Generalitat Valenciana, 1991.<\/p>\n<hr \/>\n<\/li>\n<li><span class=\"versaleta\">corde<\/span><br \/>\n<em>Corpus Diacr\u00f3nico del Espa\u00f1ol<\/em>, [en l\u00ednia:<em>corpus.rae.es\/cordenet.html<\/em>], RAE.<\/p>\n<hr \/>\n<\/li>\n<li><span class=\"versaleta\">cristall<\/span><br \/>\n<em>Un cristall habitat<\/em>, Joan Gar\u00ed Clofent, T\u00e0ndem Edicions, 1999.<\/p>\n<hr \/>\n<\/li>\n<li><span class=\"versaleta\">criteris 4<\/span><br \/>\n<em>Criteris de traducci\u00f3 de textos normatius del castell\u00e0 al catal\u00e0<\/em>, Barcelona, Generalitat de Catalunya, 1999.<\/p>\n<hr \/>\n<\/li>\n<li><span class=\"versaleta\">ctilc<\/span><br \/>\n<em>Corpus textual informatitzat de la llengua catalana<\/em>, IEC, [en l\u00ednia:<em>ctilc.iec.cat<\/em>].<\/p>\n<hr \/>\n<\/li>\n<li><span class=\"versaleta\">cuervo<\/span><br \/>\n<em>Diccionario de construcci\u00f3n y r\u00e9gimen de la lengua castellana<\/em>, 8 vol., Bogot\u00e0, ed. Instituto Caro y Cuervo, 1886-1995.<\/p>\n<hr \/>\n<\/li>\n<li><span class=\"versaleta\">daguil\u00f3<\/span><br \/>\n<em>Diccionari Aguil\u00f3<\/em>, Barcelona, ed. Institut d&#8217;Estudis Catalans, 1914-1934, [en l\u00ednia: Hathi Trust. Digital Library]. <a href=\"https:\/\/catalog.hathitrust.org\/Record\/001226595\" target=\"_blank\" rel=\"noopener\"><i class=\"fas fa-external-link-alt\"><\/i><\/a><\/p>\n<hr \/>\n<\/li>\n<li><span class=\"versaleta\">darquitecturacirit<\/span><br \/>\n<em>Diccionari d&#8217;arquitectura<\/em>, Barcelona, ed. Generalitat de Catalunya, 1990, p\u00e0g. 9-172.<\/p>\n<hr \/>\n<\/li>\n<li><em><span class=\"versaleta\">daux<\/span><\/em><br \/>\n<em>Diccionari auxiliar<\/em>, Josep Ruaix i Vinyet, 1996.<\/p>\n<hr \/>\n<\/li>\n<li><em><span class=\"versaleta\">dcarreteres<\/span><\/em><br \/>\n<em>Diccionari de carreteres<\/em>, Barcelona, ed. Generalitat de Catalunya, 1991.<\/p>\n<hr \/>\n<\/li>\n<li><em><span class=\"versaleta\">dcartog<\/span><\/em><br \/>\n<em>Diccionari de cartografia<\/em>, ed. Generalitat de Catalunya (?).<\/p>\n<hr \/>\n<\/li>\n<li><em><span class=\"versaleta\">dciamb<\/span><\/em><br \/>\n<em>Diccionari de ci\u00e8ncies ambientals<\/em>, J. R. Arag\u00f3 i Gassiot, ed. 62, 2000.<\/p>\n<hr \/>\n<\/li>\n<li><em><span class=\"versaleta\">dcompt<\/span><\/em><br \/>\n<em>Diccionari de comptabilitat<\/em>, Barcelona, ed. Fundaci\u00f3 Barceona-Termcat, 1994, p\u00e0g. 7-163.<\/p>\n<hr \/>\n<\/li>\n<li><em><span class=\"versaleta\">dconstr-itec<\/span><\/em><br \/>\n<em>Diccionari manual de la construcci\u00f3<\/em>, Barcelona, ed. Institut de Tecnologia de la Construcci\u00f3 de Catalunya, 1986.<\/p>\n<hr \/>\n<\/li>\n<li><span class=\"versaleta\">dcorom<\/span><br \/>\n<em>Diccionari etimol\u00f2gic i complementari de la llengua catalana<\/em>, J. Coromines, Barcelona, ed. Curial, 1980-1988.<\/p>\n<hr \/>\n<\/li>\n<li><span class=\"versaleta\"><em>dcvb<\/em><\/span><br \/>\n<em>Diccionari catal\u00e0-valenci\u00e0-balear<\/em>, Antoni Maria Alcover i Francesc de Borja Moll, ed. Moll, 1928-1962.<\/p>\n<hr \/>\n<\/li>\n<li><span class=\"versaleta\">dcort\u00e9s<\/span><br \/>\n<em>Diccionario de \u00e1rabe culto moderno<\/em>, Julio Cort\u00e9s, ed. Gredos, 1996.<\/p>\n<hr \/>\n<\/li>\n<li><span class=\"versaleta\"><em>dddc<\/em><\/span><br \/>\n<em>Diccionari de dubtes i dificultats del catal\u00e0<\/em>, Jordi Bruguera i Talleda, ed. Enciclop\u00e8dia Catalana, 2000.<\/p>\n<hr \/>\n<\/li>\n<li><span class=\"versaleta\"><em>ddlc<\/em><\/span><br \/>\n<em>Diccionari descriptiu de la llengua catalana<\/em>, <span class=\"versaleta\">iec<\/span>, <a href=\"http:\/\/dcc.iecat.net\/ddlc\/scripts\/index1.asp\" target=\"_blank\" rel=\"noopener noreferrer\">[en l\u00ednia]<\/a>.<\/p>\n<hr \/>\n<\/li>\n<li><span class=\"versaleta\"><em>dea<\/em><\/span><br \/>\n<em>Diccionario del espa\u00f1ol actual<\/em>, Manuel Seco, Olimpia Andr\u00e9s y Gabino Ramos, ed. Aguilar, 1999.<\/p>\n<hr \/>\n<\/li>\n<li><span class=\"versaleta\">deabrev<\/span><br \/>\n<em>Diccionari d&#8217;abreviacions,<\/em> Enclop\u00e8dia Catalana, 1992.<\/p>\n<hr \/>\n<\/li>\n<li><span class=\"versaleta\">dec<\/span><br \/>\n<em>Diccionari de la llengua catalana<\/em>, ed. Enciclop\u00e8dia Catalana, 1983.<\/p>\n<hr \/>\n<ul>\n<li><span class=\"versaleta\">dec<\/span><br \/>\n<em>Diccionari de la llengua catalana<\/em>, ed. Enciclop\u00e8dia Catalana, 1993.<\/p>\n<hr \/>\n<\/li>\n<\/ul>\n<\/li>\n<li><span class=\"versaleta\">decascat<\/span><br \/>\n<em>Diccionari castell\u00e0-catal\u00e0,<\/em> Enciclop\u00e8dia Catalana, 1989.<\/p>\n<hr \/>\n<\/li>\n<li><span class=\"versaleta\">decascat05<\/span><br \/>\n<em>Diccionari castell\u00e0-catal\u00e0,<\/em> Enciclop\u00e8dia Catalana, 2005.<\/p>\n<hr \/>\n<\/li>\n<li><span class=\"versaleta\"><em>declc<\/em><\/span><br \/>\n<em>Diccionari etimol\u00f2gic i complementari de la llengua catalana<\/em>, J. Coromines, Barcelona, ed. Curial, 1980-1988.<\/p>\n<hr \/>\n<\/li>\n<li><span class=\"versaleta\">dejur<\/span><br \/>\n<em>Diccionari jur\u00eddic<\/em>, ed. Enciclop\u00e8dia Catalana.<\/p>\n<hr \/>\n<\/li>\n<li><span class=\"versaleta\">demed<\/span><br \/>\n<em>Diccionari enciclop\u00e8dic de medicina<\/em>, Enciclop\u00e8dia Catalana [en l\u00ednia].<\/p>\n<hr \/>\n<\/li>\n<li><span class=\"versaleta\">deleu<\/span><br \/>\n<em>Diccionari de les lleng\u00fces d&#8217;Europa<\/em> (2002) d&#8217;Ignasi Badia i Capdevila.<\/p>\n<hr \/>\n<\/li>\n<li><span class=\"versaleta\">denher<\/span><br \/>\n<em>Diccionari de l&#8217;empresa el\u00e8ctrica<\/em>, Barcelona, ed. La Llar del Llibre, 1990, ENHER, FECSA, HEC; TERMCAT, p\u00e0g. 5-154.<\/p>\n<hr \/>\n<\/li>\n<li><span class=\"versaleta\">dexprlat<\/span><br \/>\n<em>Diccionario de expresiones y frases latinas<\/em>, Madrid, ed. Grados, 1995, p\u00e0g.7-531.<\/p>\n<hr \/>\n<\/li>\n<li><span class=\"versaleta\">desoc<\/span><br \/>\n<em>Diccionari de socioling\u00fc\u00edstica<\/em>, Francesc Ruiz i San Pascual, Rosa Sanz i Ribelles i Jordi Sol\u00e9 Camardons, Barcelona, ed. Enciclop\u00e8dia Catalana, 2001.<\/p>\n<hr \/>\n<\/li>\n<li><span class=\"versaleta\">dfabra<\/span><br \/>\n<em>Diccionari manual de la llengua catalana<\/em>, Barcelona, ed. EDHASA, 1991.<\/p>\n<hr \/>\n<\/li>\n<li><span class=\"versaleta\"><em>dfdea<\/em><\/span><br \/>\n<em>Diccionario fraseol\u00f3gico documentado del espa\u00f1ol actual<\/em>, Manuel Seco, Olimpia Andr\u00e9s y Gabino Ramos, ed. Aguilar, 2004.<\/p>\n<hr \/>\n<\/li>\n<li><span class=\"versaleta\">dferro<\/span><br \/>\n<em>Terminologia ferrovi\u00e0ria: material rodant<\/em>, Barcelona, ed. Generalitat de Catalunya, 1993.<\/p>\n<hr \/>\n<\/li>\n<li><span class=\"versaleta\">dfullana<\/span><br \/>\n<em>Diccionari de l&#8217;art i dels oficis de la construcci\u00f3<\/em>, Palma de Mallorca, ed. Moll.<\/p>\n<hr \/>\n<\/li>\n<li><span class=\"versaleta\">dgambiental<\/span><br \/>\n<em>Diccionari de gesti\u00f3 ambiental<\/em>, Barcelona, ed. Enciclop\u00e8dia Catalana, 1997.<\/p>\n<hr \/>\n<\/li>\n<li><span class=\"versaleta\">dgesportsol<\/span><br \/>\n<em>Diccionari General dels Esports Ol\u00edmpics<\/em>.<\/p>\n<hr \/>\n<\/li>\n<li><span class=\"versaleta\">dgfpastor<\/span><br \/>\n<em>Diccionari general<\/em>, Francesc Ferrer Pastor, 1985.<\/p>\n<hr \/>\n<\/li>\n<li><span class=\"versaleta\">dgher\u00e0ld<\/span><br \/>\n<em>Diccionari general d&#8217;her\u00e0ldica<\/em>, Barcelona, ed. EDHASA, 1982.<\/p>\n<hr \/>\n<\/li>\n<li><span class=\"versaleta\">diccionaris<\/span><br \/>\n<em>Diccionaris, normativa i llengua est\u00e0ndard. Del Fabra al diccionari de l&#8217;Institut<\/em>, F. Esteve, J. Ferrer, L. Marquet i J. Moll, Palma, ed. Edicions Documenta Balear, 2003.<\/p>\n<hr \/>\n<\/li>\n<li><span class=\"versaleta\"><em>dhvc<\/em><\/span><br \/>\n<em>Diccionari hist\u00f2ric del valenci\u00e0 co\u0140loquial (segles XVII, XVIII i XIX),<\/em> Val\u00e8ncia, ed. Universitat de Val\u00e8ncia, 2006.<\/p>\n<hr \/>\n<\/li>\n<li><span class=\"versaleta\">diec<\/span><br \/>\n<em>Diccionari de la llengua catalana<\/em>, ed. Institut d&#8217;Estudis Catalans, 1995.<\/p>\n<hr \/>\n<\/li>\n<li><span class=\"versaleta\">diec2<\/span><br \/>\n<em>Diccionari de la llengua catalana<\/em>, ed. Institut d&#8217;Estudis Catalans, 2007.<\/p>\n<hr \/>\n<\/li>\n<li><span class=\"versaleta\">dinformcocimb<\/span><br \/>\n<em>Diccionari d&#8217;inform\u00e0tica<\/em>, ed. Cambra Oficial de Comer\u00e7 i &#8230; de Barcelona (?).<\/p>\n<hr \/>\n<\/li>\n<li><span class=\"versaleta\">dinfupc<\/span><br \/>\n<em>Diccionari de termes inform\u00e0tics<\/em>, Anna Cervera Caminal i Josep M. Merenciano Saladrigues, 1994.<\/p>\n<hr \/>\n<\/li>\n<li><span class=\"versaleta\">diterli<\/span><br \/>\n<em>Diccionario de t\u00e9rminos literarios<\/em>, Madrid, ed. Alianza Editorial, 1999.<\/p>\n<hr \/>\n<\/li>\n<li><span class=\"versaleta\">djurespasa<\/span><br \/>\n<em>Diccionario Jur\u00eddico Espasa<\/em>.<\/p>\n<hr \/>\n<\/li>\n<li><span class=\"versaleta\"><em>dlcm<\/em><\/span><br \/>\n<em>Diccionari de la llengua catalana multiling\u00fce<\/em>, Enciclop\u00e8dia Catalana [<a href=\"http:\/\/www.grec.net\/cgibin\/mlt00.pgm\" target=\"_blank\" rel=\"noopener noreferrer\">en l\u00ednia<\/a>].<\/p>\n<hr \/>\n<\/li>\n<li><span class=\"versaleta\"><em>dle<\/em><\/span><br \/>\n<em>Diccionari de les lleng\u00fces d&#8217;Europa<\/em>, Ignasi Badia i Capdevila, 2002.<\/p>\n<hr \/>\n<\/li>\n<li><span class=\"versaleta\">dmesures<\/span><br \/>\n<em>Diccionari de les mesures catalanes<\/em>, Barcelona, ed. Curial, Manuals, 1996, p\u00e0g. 5-264.<\/p>\n<hr \/>\n<\/li>\n<li><span class=\"versaleta\">dmitjans<\/span><br \/>\n<em>Diccionari dels mitjans audiovisuals<\/em>, Vic, ed. Eumo-EUV, 1995, p\u00e0g. 5-205.<\/p>\n<hr \/>\n<\/li>\n<li><span class=\"versaleta\">dneol<\/span><br \/>\n<em>Diccionari de neologismes<\/em>, Barcelona, ed. Edicions 62, 1997, p\u00e0g. 5-462.<\/p>\n<hr \/>\n<\/li>\n<li><span class=\"versaleta\"><em>dnv<\/em><\/span><br \/>\n<em>Diccionari normatiu valenci\u00e0<\/em>, Acad\u00e8mia Valenciana de la Llengua, 2014 <a href=\"http:\/\/www.avl.gva.es:8080\/dnv\/\" target=\"_blank\" rel=\"noopener noreferrer\">[en l\u00ednia]<\/a>.<\/p>\n<hr \/>\n<\/li>\n<li><span class=\"versaleta\">dpalazzi<\/span><br \/>\n<em>Il piccolo Palazzi<\/em> (?).<\/p>\n<hr \/>\n<\/li>\n<li><span class=\"versaleta\">dpnh<\/span> (i <span class=\"versaleta\"><em>dpd<\/em><\/span>)<br \/>\n<em>Diccionario panhisp\u00e1nico de dudas<\/em>, ed. Santillana, 2005.<\/p>\n<hr \/>\n<\/li>\n<li><span class=\"versaleta\">dports<\/span><br \/>\n<em>Diccionari de ports i costes<\/em>, Barcelona, ed. Generalitat de Catalunya, 1995, p\u00e0g. 7-349.<\/p>\n<hr \/>\n<\/li>\n<li><span class=\"versaleta\">dprehist<\/span><br \/>\n<em>Diccionario de Prehistoria<\/em>, Madrid, ed. Alianza Editorial, 1997.<\/p>\n<hr \/>\n<\/li>\n<li><span class=\"versaleta\">drae<\/span><br \/>\n<em>Diccionario de la lengua espa\u00f1ola<\/em>, RAE (21.\u00aa ed.).<\/p>\n<hr \/>\n<\/li>\n<li><span class=\"versaleta\">drae01<\/span><br \/>\n<em>Diccionario de la lengua espa\u00f1ola<\/em>, RAE (22.\u00aa ed.).<\/p>\n<hr \/>\n<\/li>\n<li><span class=\"versaleta\">drae&#8230;<\/span><br \/>\n<em>Diccionario de la lengua espa\u00f1ola<\/em> [<a href=\"http:\/\/www.rae.es\/\">en l\u00ednia<\/a>], RAE.<\/p>\n<hr \/>\n<\/li>\n<li><span class=\"versaleta\">drobert<\/span><br \/>\n<em>Le nouveau petit Robert<\/em> (1993).<\/p>\n<hr \/>\n<\/li>\n<li><span class=\"versaleta\">dtaller<\/span><br \/>\n<em>Diccionari del taller mec\u00e0nic<\/em>, Barcelona, ed. La Llar del Llibre, 1990, p\u00e0g. 5-307.<\/p>\n<hr \/>\n<\/li>\n<li><span class=\"versaleta\"><em>dtii<\/em><\/span><br \/>\n<em>Diccionario de t\u00e9rminos inform\u00e1ticos e Internet<\/em>, ed. Anaya, 1997.<\/p>\n<hr \/>\n<\/li>\n<li><span class=\"versaleta\">dubtes<\/span><br \/>\n<em>Diccionari de dubtes i dificultats del catal\u00e0<\/em>, Jordi Bruguera i Talleda, ed. Enciclop\u00e8dia Catalana, 2000.<\/p>\n<hr \/>\n<\/li>\n<li><span class=\"versaleta\">duden<\/span><br \/>\n<em>Diccionari visual Duden<\/em>, ed. Enciclop\u00e8dia Catalana.<\/p>\n<hr \/>\n<\/li>\n<li><span class=\"versaleta\">duran<\/span><br \/>\n<em>Diccionari de plantes medicinals<\/em>, Barcelona, ed. Edicions 62, 1998, p\u00e0g. 5-219.<\/p>\n<hr \/>\n<\/li>\n<li><span class=\"versaleta\">dusos<\/span><br \/>\n<em>Diccionario de usos y dudas del espa\u00f1ol actual<\/em>, Jos\u00e9 Mart\u00ednez de Sousa, ed. VOX, 1996.<\/p>\n<hr \/>\n<\/li>\n<li><span class=\"versaleta\"><em>duvc<\/em><\/span><br \/>\n<em>Diccionari d&#8217;\u00fas dels verbs catalans<\/em>, Jordi Ginebra i Anna Montserrat, Barcelona, ed. 62, 1999.<\/p>\n<hr \/>\n<\/li>\n<li><span class=\"versaleta\">dval<\/span><br \/>\n<em>Diccionari valenci\u00e0,<\/em> Val\u00e8ncia, ed. Bromera, 1995.<\/p>\n<hr \/>\n<\/li>\n<li><span class=\"versaleta\">dvisual<\/span><br \/>\n<em>Diccionari visual de la construcci\u00f3<\/em>, Barcelona, ed. Generalitat de Catalunya, 1994.<\/p>\n<hr \/>\n<\/li>\n<li><span class=\"versaleta\">dvisual01<\/span><br \/>\n<em>Diccionari visual de la construcci\u00f3<\/em>, Barcelona, ed. Generalitat de Catalunya, 3.\u00aa edici\u00f3, 2001.<\/p>\n<hr \/>\n<\/li>\n<li><span class=\"versaleta\">dvib<\/span><br \/>\n<em>Diccionari del vi i del beure<\/em>, Joan Maria Roman\u00ed i Oliv\u00e9, Barcelona, ed. Edicions de la Magrana, 1998.<\/p>\n<hr \/>\n<\/li>\n<li><span class=\"versaleta\">dvoramar<\/span><br \/>\n<em>Diccionari Voramar valenci\u00e0\/castell\u00e0, castell\u00e0\/valenci\u00e0<\/em>, diversos autors, Barcelona, ed. Grupo Santillana de Ediciones, 1998.<\/p>\n<hr \/>\n<\/li>\n<li><span class=\"versaleta\"><em>eb<\/em><\/span><br \/>\n<em>Encyclopaedia Britannica<\/em> [<a href=\"http:\/\/www.britannica.com\/search\">en l\u00ednia<\/a>].<\/p>\n<hr \/>\n<\/li>\n<li><span class=\"versaleta\"><em>ecm<\/em><\/span><br \/>\n<em>El catal\u00e0 modern<\/em>, August Rafanell, ed. Emp\u00faries, 2000, p\u00e0g. 5-295.<\/p>\n<hr \/>\n<\/li>\n<li><span class=\"versaleta\">efe<\/span><br \/>\n<em>Diccionario de espa\u00f1ol urgente<\/em>, Madrid, ed. Agencia EFE &#8211; Ediciones SM, 2000, p\u00e0g. 3-511.<\/p>\n<hr \/>\n<\/li>\n<li><em><span class=\"versaleta\">esbozo<\/span><\/em><br \/>\n<em>Esbozo de una nueva gram\u00e1tica de la lengua espa\u00f1ola<\/em>, Madrid, ed. Real Academia Espa\u00f1ola, 1989 (1973), p\u00e0g. 5-592.<\/p>\n<hr \/>\n<\/li>\n<li><span class=\"versaleta\">escart\u00ed-esteve<\/span><br \/>\n<em>Escrits Valencians<\/em>, Pere Esteve i Puig, a cura de Vicent Josep Escart\u00ed, Val\u00e8ncia, ed. Instituci\u00f3 Alfons el Magn\u00e0nim, 2005.<\/p>\n<hr \/>\n<\/li>\n<li><span class=\"versaleta\">espinal<\/span><br \/>\n<em>Diccionari de sin\u00f2nims de frases fetes<\/em>, Barcelona, ed. UAB-PUV-PAM, 2006.<\/p>\n<hr \/>\n<\/li>\n<li><span class=\"versaleta\">espinal04<\/span><br \/>\n<em>Diccionari de sin\u00f2nims de frases fetes<\/em>, Barcelona, ed. PAM, 2004.<\/p>\n<hr \/>\n<\/li>\n<li><span class=\"versaleta\"><em>eva<\/em><\/span><br \/>\n<em>Estudis del valenci\u00e0 d&#8217;ara<\/em>, Val\u00e8ncia, ed. Denes, 2002, p\u00e0g.VII-XXI\/3-673.<\/p>\n<hr \/>\n<\/li>\n<li><span class=\"versaleta\">evv2013<\/span><br \/>\n<em>El valenci\u00e0 de la Valldigna<\/em>, Val\u00e8ncia, ed. Universitat de Val\u00e8ncia &#8211; Mancomunitat de la Valldigna, 2013, p\u00e0g.7-233.<\/p>\n<hr \/>\n<\/li>\n<li><span class=\"versaleta\">fermat<\/span><br \/>\n<em>L&#8217;enigma de Fermat<\/em>, Simon Singh, Barcelona, ed. Edicions 62, 1998.<\/p>\n<hr \/>\n<\/li>\n<li><span class=\"versaleta\">ferrando1980<\/span><br \/>\n<em>Consci\u00e8ncia idiom\u00e0tica i nacional dels valencians<\/em>, Val\u00e8ncia, ed. Ajuntament de X\u00e0tiva, 1980.<\/p>\n<hr \/>\n<\/li>\n<li><span class=\"versaleta\">fgo-vall<\/span><br \/>\n<em>La vall de les sis mesquites<\/em>, Val\u00e8ncia, ed. Universitat de Val\u00e8ncia, 2003.<\/p>\n<hr \/>\n<\/li>\n<li><span class=\"versaleta\">franc\u00e0s<br \/>\n<\/span>Carles Domingo i Franc\u00e0s, <em>Els noms de les formes de relleu<\/em>, Barcelona, ed. Institut Cartogr\u00e0fic de Catalunya &#8211; Societat d&#8217;Onom\u00e0stica, 1997.<\/p>\n<hr \/>\n<\/li>\n<li><span class=\"versaleta\">fraspop<br \/>\n<\/span>Joan Llu\u00eds Sanchis i Forriols, <em>Fraseologia popular inspirada en el m\u00f3n agr\u00edcola i religi\u00f3s<\/em>, Val\u00e8ncia, ed. Brosquil Edicions, 2002.<\/p>\n<hr \/>\n<\/li>\n<li><span class=\"versaleta\"><em>gcc<\/em><\/span><br \/>\n<em>Gram\u00e0tica del catal\u00e0 contemporani<\/em>, Barcelona, ed. Emp\u00faries, 2002, 3 v.<\/p>\n<hr \/>\n<\/li>\n<li><span class=\"versaleta\">gcefcr<\/span><br \/>\n<em>Estudis de filologia catalana i rom\u00e0nica<\/em>, Germ\u00e0 Col\u00f3n Dom\u00e8nech, Universitat de Val\u00e8ncia, 1997.<\/p>\n<hr \/>\n<\/li>\n<li><span class=\"versaleta\">gc-rldf<\/span><br \/>\n<em>De Ramon Llull al Diccionari de Fabra. Acostament ling\u00fc\u00edstic a les terres catalanes<\/em>, Germ\u00e0 Col\u00f3n Dom\u00e8nech, Fundaci\u00f3 Germ\u00e0 Col\u00f3n Dom\u00e8nech &#8211; Publicacions de l&#8217;Abadia de Montserrat, 2003.<\/p>\n<hr \/>\n<\/li>\n<li><span class=\"versaleta\">gctirant<\/span>\u00abLa llengua a l&#8217;\u00e8poca del Tirant\u00bb, <em>Literatura valenciana del segle XV<\/em>, Conseller Valenci\u00e0 de Cultura, 1991.<br \/>\n<hr \/>\n<\/li>\n<li><em><span class=\"versaleta\">gd62<br \/>\n<\/span><\/em><em>Gran diccionari 62 de la llengua catalana<\/em>, ed. 62, 2000.<\/p>\n<hr \/>\n<\/li>\n<li><em><span class=\"versaleta\">gdlc<br \/>\n<\/span><\/em><em>Diccionari general de la llengua catalana<\/em>, ed. Enciclop\u00e8dia Catalana, 1998.<\/p>\n<hr \/>\n<\/li>\n<li><span class=\"versaleta\"><em>gdt<\/em><\/span><br \/>\n<em>Grand dictionnnaire terminologique<\/em> [<a href=\"http:\/\/www.oqlf.gouv.qc.ca\/\">en l\u00ednia<\/a>], ed. Office Qu\u00e9b\u00e9cois de la Langue Fran\u00e7aise.<\/p>\n<hr \/>\n<\/li>\n<li><span class=\"versaleta\"><em>gduea<\/em><\/span><br \/>\n<em>Gran diccionario de uso del espa\u00f1ol actual<\/em>, Madrid, ed. SGEL, 2001.<\/p>\n<hr \/>\n<\/li>\n<li><span class=\"versaleta\"><em>gec<\/em><\/span><br \/>\n<em>Gran Enciclop\u00e8dia Catalana<\/em>, ed. Enciclop\u00e8dia Catalana.<\/p>\n<hr \/>\n<\/li>\n<li><span class=\"versaleta\"><em>geiec \/ gelc<\/em><\/span><br \/>\n<em>Gram\u00e0tica essencial de la llengua catalana<\/em>, ed. Institut d&#8217;Estudis Catalans [<a href=\"https:\/\/geiec.iec.cat\/portada.asp\" target=\"_blank\" rel=\"noopener noreferrer\">en l\u00ednia<\/a>].<\/p>\n<hr \/>\n<\/li>\n<li><span class=\"versaleta\">gencat-sial<br \/>\n<\/span>Servei d&#8217;Assessorament Ling\u00fc\u00edstic de la Generalitat de Catalunya, Internet o correu electr\u00f2nic.<\/p>\n<hr \/>\n<\/li>\n<li><span class=\"versaleta\"><em>gev<\/em><\/span><br \/>\n<em>Gran enciclop\u00e8dia valenciana<\/em>, M. Llorens Serra (dir.), V. Hern\u00e1ndez (tr.), ed. Difusora de Cultura Valenciana, 1990.<\/p>\n<hr \/>\n<\/li>\n<li><span class=\"versaleta\">gfabra33<\/span><br \/>\n<em>Gram\u00e0tica catalana,<\/em> Barcelona, ed. Aqua, 1981 (1918-1933)..<\/p>\n<hr \/>\n<\/li>\n<li><span class=\"versaleta\"><em>ggcc<\/em><\/span><br \/>\n<em>Gran Geografia Comarcal de Catalunya<\/em>, ed. Enciclop\u00e8dia Catalana (Internet).<\/p>\n<hr \/>\n<\/li>\n<li><span class=\"versaleta\"><em>giec<\/em><\/span><br \/>\n<em>Gram\u00e0tica de la llengua catalana<\/em>, ed. Institut d&#8217;Estudis Catalans, 2016.<\/p>\n<hr \/>\n<\/li>\n<li><span class=\"versaleta\"><em>ginebra2017<\/em><\/span><br \/>\n<em>La nova normativa de l&#8217;Institut d&#8217;Estudis Catalans. Guia pr\u00e0ctica<\/em>, ed. Universitat Rovira i Virgili, 2017.<\/p>\n<hr \/>\n<\/li>\n<li><span class=\"versaleta\"><em>ginermonfort2013<\/em><\/span><br \/>\n<em>El valenci\u00e0 de la Valldigna<\/em>, Val\u00e8ncia, ed. Universitat de Val\u00e8ncia-Mancomunitat de la Valldigna, 2013.<\/p>\n<hr \/>\n<\/li>\n<li><span class=\"versaleta\"><em>ginermonfort2016<\/em><\/span><br \/>\n<em>El parlar de la Safor<\/em>, Val\u00e8ncia, ed. Universitat d&#8217;Alacant, 2016.<\/p>\n<hr \/>\n<\/li>\n<li><span class=\"versaleta\"><em>gnv<\/em><\/span><br \/>\n<em>Gram\u00e0tica normativa valenciana<\/em>, Val\u00e8ncia, ed. Acad\u00e8mia Valenciana de la Llengua, 2006.<\/p>\n<hr \/>\n<\/li>\n<li><span class=\"versaleta\">hachette<\/span><br \/>\n<em>Dictionnaire universel francophone en ligne<\/em>, ed. Hachette (Internet).<\/p>\n<hr \/>\n<\/li>\n<li><span class=\"versaleta\">hinojosa<\/span><br \/>\n<em>Diccionario de historia medieval del Reino de Valencia<\/em>, ed. Generalitat Valenciana, 2002.<\/p>\n<hr \/>\n<\/li>\n<li><span class=\"versaleta\">hnat<\/span><br \/>\n<em>Hist\u00f2ria natural dels Pa\u00efsos Catalans<\/em>, Barcelona, ed. Enclop\u00e8dia catalana, 1985.<\/p>\n<hr \/>\n<\/li>\n<li><span class=\"versaleta\">jmartinesxix<\/span><br \/>\n<em>El valenci\u00e0 del segle XIX. Estudi ling\u00fc\u00edsic del<\/em> Diccionario valenciano<em>de Josep Pla i Costa<\/em>, Josep Martines, ed. IIFV-PAM, 2000.<\/p>\n<hr \/>\n<\/li>\n<li><span class=\"versaleta\">lacreu [<\/span>diversos anys<span class=\"versaleta\">]<\/span><br \/>\n<em>Manual d&#8217;\u00fas de l&#8217;est\u00e0ndard oral<\/em>, Josep Lacreu, Val\u00e8ncia, ed. Universitat de Val\u00e8ncia-IFV, [diversos anys] .<\/p>\n<hr \/>\n<\/li>\n<li><span class=\"versaleta\">lbv<\/span><br \/>\n<em>La B\u00edblia valenciana<\/em>, Jordi Ventura, ed. Curial, 1993.<\/p>\n<hr \/>\n<\/li>\n<li><span class=\"versaleta\">llb<\/span><br \/>\n<em>El llibre de la llengua catalana<\/em>, ed. Castellnou, 1997.<\/p>\n<hr \/>\n<\/li>\n<li><span class=\"versaleta\">lliadm<\/span><br \/>\n<em>Llengua i Administraci\u00f3<\/em>, ed. Generalitat de Catalunya.<\/p>\n<hr \/>\n<\/li>\n<li><span class=\"versaleta\">llid<\/span><br \/>\n<em>Revista de Llengua i Dret<\/em>, ed. Generalitat de Catalunya.<\/p>\n<hr \/>\n<\/li>\n<li><span class=\"versaleta\">lli\u00fas<\/span><br \/>\n<em>Llengua i \u00das. Revista T\u00e8cnica de Pol\u00edtica Ling\u00fc\u00edstica<\/em>, ed. Generalitat de Catalunya.<\/p>\n<hr \/>\n<\/li>\n<li><span class=\"versaleta\">lnp<\/span><br \/>\n<em>Les nostres plantes<\/em>, Daniel Climent i Giner, ed. Aguaclara, 1992.<\/p>\n<hr \/>\n<\/li>\n<li><span class=\"versaleta\">map<\/span><br \/>\n<em>Manual de estilo de lenguaje administrativo<\/em>, ed. Ministerio para las Administraciones P\u00fablicas, 1991.<\/p>\n<hr \/>\n<\/li>\n<li><span class=\"versaleta\">masclans<\/span><br \/>\n<em>Guia per a con\u00e8ixer els arbusts i les lianes<\/em>, Barcelona, ed. Montblanc-Mart\u00edn, 1990 (1963), p\u00e0g. 5-268.<\/p>\n<hr \/>\n<\/li>\n<li><em><span class=\"versaleta\">mestil<\/span><\/em><br \/>\n<em>Manual d&#8217;estil. La redacci\u00f3 i l&#8217;edici\u00f3 de textos<\/em>, Barcelona, ed. Eumo, Universitat de Barcelona, Universitat Pompeu Fabra, Associaci\u00f3 de Mestres Rosa Sensat, 1995.<\/p>\n<hr \/>\n<\/li>\n<li><em><span class=\"versaleta\">mestil3<\/span><\/em><br \/>\n<em>Manual d&#8217;estil. La redacci\u00f3 i l&#8217;edici\u00f3 de textos<\/em>, Barcelona, ed. Eumo, Universitat de Barcelona, Universitat Pompeu Fabra, Associaci\u00f3 de Mestres Rosa Sensat, 2007.<\/p>\n<hr \/>\n<\/li>\n<li><span class=\"versaleta\"><em>mestil2019<\/em><\/span><br \/>\n<em>Manual d&#8217;estil. La redacci\u00f3 i l&#8217;edici\u00f3 de textos<\/em>, Barcelona, ed. Institut d&#8217;Estudis Catalans [<a href=\"https:\/\/estil.llocs.iec.cat\/\" target=\"_blank\" rel=\"noopener noreferrer\">en l\u00ednia<\/a>].<\/p>\n<hr \/>\n<\/li>\n<li><em><span class=\"versaleta\">mirades<\/span><\/em><br \/>\n<em>El catal\u00e0: mirades al futur<\/em>, Carme Junyent i Virginia Unamuno (eds.), Barcelona, ed. Edicions Universit\u00e0ries de Barcelona (EUB), SL.<\/p>\n<hr \/>\n<\/li>\n<li><em><span class=\"versaleta\">miscel<\/span><\/em><br \/>\n<em>Misce\u0140l\u00e0nia 91<\/em>, Val\u00e8ncia, Generalitat Valenciana, col. \u00abEstudis del Valenci\u00e0 Actual\u00bb, 1991. Articles de Marisol Gonz\u00e1lez i Felip (\u00abEl parlar de la Plana Baixa\u00bb), Isabel Arjona i Garcia i Ave\u0140l\u00ed Flors i Bonet (\u00abCom hem escrit els valencians\u00bb).<\/p>\n<hr \/>\n<\/li>\n<li><span class=\"versaleta\"><em>mla<\/em><\/span><br \/>\n<em>Manual de llenguatge administratiu<\/em>, Carles Duarte i Montserrat.<\/p>\n<hr \/>\n<\/li>\n<li><em><span class=\"versaleta\">moliner<\/span><\/em><br \/>\n<em>Diccionario de uso del espa\u00f1ol<\/em>, Madrid, ed. Gredos, 1998, 2 vol., p\u00e0g. VII-XLI; 1-1.519\/7-1.594.<\/p>\n<hr \/>\n<\/li>\n<li><span class=\"versaleta\"><em>monfort2013<\/em><\/span><br \/>\n<em>El valenci\u00e0 de la Valldigna<\/em>, Val\u00e8ncia, ed. Universitat de Val\u00e8ncia-Mancomunitat de la Valldigna, 2013, p\u00e0g. 7-233.<\/p>\n<hr \/>\n<\/li>\n<li><span class=\"versaleta\"><em>nda<\/em><\/span><br \/>\n<em>Nuevo diccionario de anglicismos<\/em>, Madrid, ed. Gredos, 1997, p\u00e0g. 9-562.<\/p>\n<hr \/>\n<\/li>\n<li><span class=\"versaleta\">nicolau<\/span><br \/>\n<em>El planeta Terra i la seva hist\u00f2ria<\/em>, Barcelona, ed. Claret, 1997, p\u00e0g. 3-255.<\/p>\n<hr \/>\n<\/li>\n<li><span class=\"versaleta\">obiol<br \/>\n<\/span>\u00abLes platges del Pa\u00eds Valenci\u00e0. Topon\u00edmia tur\u00edstica\u00bb, Emili M. Obiol i Menero, <em>Estudis de topon\u00edmia valenciana<\/em>, Val\u00e8ncia, ed. Denes, 2000, p\u00e0g. 295-338.<\/p>\n<hr \/>\n<\/li>\n<li><span class=\"versaleta\">obs\/1<\/span><br \/>\n<em>Observacions cr\u00edtiques i pr\u00e0ctiques sobre el catal\u00e0 d&#8217;avui\/1<\/em>, Josep Ruaix i Vinyet.<\/p>\n<hr \/>\n<\/li>\n<li><span class=\"versaleta\">obs\/2<\/span><br \/>\n<em>Observacions cr\u00edtiques i pr\u00e0ctiques sobre el catal\u00e0 d&#8217;avui\/2<\/em>, Josep Ruaix i Vinyet.<\/p>\n<hr \/>\n<\/li>\n<li><span class=\"versaleta\">omega<\/span><br \/>\n<em>Guia dels ocells dels pa\u00efsos catalans i d&#8217;Europa<\/em>, Barcelona, ed. Omega, 1995 (1993).<\/p>\n<hr \/>\n<\/li>\n<li><span class=\"versaleta\">onomast<\/span><br \/>\n<em>Onomasticon cataloniae<\/em>, Barcelona, ed. Curial, 1989-1997, vol. I-VIII.<\/p>\n<hr \/>\n<\/li>\n<li><span class=\"versaleta\"><em>ooea<\/em><\/span><br \/>\n<em>Ortograf\u00eda y ortotipograf\u00eda del espa\u00f1ol actual<\/em>, Ast\u00faries, ed. Trea, 2004.<\/p>\n<hr \/>\n<\/li>\n<li><span class=\"versaleta\">pimarco<br \/>\n<\/span>Albert P\u00e9rez i Marco, <em>Introducci\u00f3 a la topon\u00edmia del terme municipal de Paterna<\/em>, ed. Ajuntament de Paterna, 1996, p\u00e0g. 7-125.<\/p>\n<hr \/>\n<\/li>\n<li><span class=\"versaleta\">pl99<\/span><br \/>\n<em>El peque\u00f1o Larousse ilustrado 1999<\/em>, Barcelona, ed. Larousse, 1998.<\/p>\n<hr \/>\n<\/li>\n<li><span class=\"versaleta\">pradilla2004<\/span><br \/>\n<em>Calidoscopi ling\u00fc\u00edstic. Un debat entorn de les lleng\u00fces de l&#8217;Estat<\/em>, Miquel-\u00c0ngel Pradilla Cardona (coord.), ed. Octaedro-EUB, 2004.<\/p>\n<hr \/>\n<\/li>\n<li><em><span class=\"versaleta\">pyc<\/span><\/em><br \/>\n<em>Punto y Coma<\/em>, Comissi\u00f3 Europea, http:\/\/europa.eu.int\/comm\/translation\/bulletins\/puntoycoma\/.<\/p>\n<hr \/>\n<\/li>\n<li><span class=\"versaleta\">pujol-sol\u00e0<\/span><br \/>\n<em>Ortotipografia. Manual de l&#8217;editor, l&#8217;autoeditor i el dissenyador gr\u00e0fic<\/em>, ed. Columna, 1995.<\/p>\n<hr \/>\n<\/li>\n<li><em><span class=\"versaleta\">quimereta<\/span><\/em><br \/>\n<em>Al cor, la quimereta<\/em>, Encarna Sant-Celoni i Verger, Tabarca Llibres, 2002.<\/p>\n<hr \/>\n<\/li>\n<li><em><span class=\"versaleta\">rdubtes<\/span><\/em><br \/>\n<em>Resolguem dubtes<\/em>, ed. 3i4, 1998.<\/p>\n<hr \/>\n<\/li>\n<li><span class=\"versaleta\">reig<\/span><br \/>\n<em>Valenci\u00e0 en perill d&#8217;extinci\u00f3<\/em>, Eugeni Sempere Reig, Val\u00e8ncia, 1999.<\/p>\n<hr \/>\n<\/li>\n<li><span class=\"versaleta\">reig2<\/span><br \/>\n<em>Valenci\u00e0 en perill d&#8217;extinci\u00f3<\/em>, Eugeni Sempere Reig, Val\u00e8ncia, 2005.<\/p>\n<hr \/>\n<\/li>\n<li><span class=\"versaleta\">reig-evds<\/span><br \/>\n<em>El valenci\u00e0 de sempre<\/em>, Eugeni Sempere Reig, Val\u00e8ncia, 2015.<\/p>\n<hr \/>\n<\/li>\n<li><span class=\"versaleta\"><em>rialc<\/em><\/span><br \/>\n<a title=\"RIALC: repertorio informatizzato dell'antica letteratura catalana\" href=\"http:\/\/www.rialc.unina.it\">Repertorio Informatizzato dell&#8217;Antica Letteratura Catalana<\/a>.<\/p>\n<hr \/>\n<\/li>\n<li><span class=\"versaleta\">rossell\u00f32004<\/span><br \/>\n<em>Topon\u00edmia, geografia i cartografia<\/em>, Vicen\u00e7 M. Rossell\u00f3 i Verger, Val\u00e8ncia, 2004.<\/p>\n<hr \/>\n<\/li>\n<li><span class=\"versaleta\">rull2004<\/span><br \/>\n<em>La formaci\u00f3 de mots. Q\u00fcestions de normativa<\/em>, Xavier Rull i Muruz\u00e0bal, Barcelona, 2004.<\/p>\n<hr \/>\n<\/li>\n<li><span class=\"versaleta\">sforriols<\/span><br \/>\n<em>Fraseologia popular inspirada en el m\u00f3n agr\u00edcola i religi\u00f3s<\/em>, ed. Edicions Brosquil, Josep Llu\u00eds Sanxis i Forriols, 2002.<\/p>\n<hr \/>\n<\/li>\n<li><span class=\"versaleta\">sarag2003<\/span><br \/>\n<em>Gram\u00e0tica valenciana raonada i popular<\/em>, Abelard Saragoss\u00e0 Alba, 2003.<\/p>\n<hr \/>\n<\/li>\n<li><span class=\"versaleta\">sarag2005<\/span><br \/>\n<em>Gram\u00e0tica valenciana raonada i popular<\/em>, Abelard Saragoss\u00e0 Alba, 2005.<\/p>\n<hr \/>\n<\/li>\n<li><span class=\"versaleta\">sarag2018<\/span><br \/>\n<em>El valencianisme ling\u00fc\u00edstic<\/em>, Abelard Saragoss\u00e0 Alba, 2018.<\/p>\n<hr \/>\n<\/li>\n<li><span class=\"versaleta\">seco<\/span><br \/>\n<em>Diccionario de dudas y dificultades de la lengua espa\u00f1ola<\/em>, Manuel Seco, Madrid, ed. Espasa-Calpe.<\/p>\n<hr \/>\n<\/li>\n<li><span class=\"versaleta\">segura2001<\/span><br \/>\n<em>Variaci\u00f3 dialectal i estandarditzaci\u00f3 al Baix Vinalop\u00f3<\/em>, Carles Segura Llopes, 2001.<\/p>\n<hr \/>\n<\/li>\n<li><span class=\"versaleta\">sol\u00e094<\/span><br \/>\n<em>Sintaxi normativa: estat de la q\u00fcesti\u00f3<\/em> (1994).<\/p>\n<hr \/>\n<\/li>\n<li><span class=\"versaleta\"><em>tlf<\/em><\/span><br \/>\n<em>Tr\u00e9sor de la langue fran\u00e7aise<\/em> [en l\u00ednia].<\/p>\n<hr \/>\n<\/li>\n<li><span class=\"versaleta\">tresor2011<\/span><br \/>\n<em>Tresor del valenci\u00e0 meridional<\/em>, Ovidi Carbonell i Cort\u00e9s, Josep Tormo Colomina i Jordi Colomina i Castanyer. <a href=\"https:\/\/www.cervantesvirtual.com\/descargaPdf\/tresor-del-valencia-meridional-diccionari-tematic-i-fraseologic-969664\/\" target=\"_blank\" rel=\"noopener\"><i class=\"fas fa-file-pdf\"><\/i><\/a><\/p>\n<hr \/>\n<\/li>\n<li><span class=\"versaleta\">uji<br \/>\n<\/span>Vocabularis de la Universitat Jaume I\u00a0<em>[En l\u00ednia fa anys]<\/em>.<\/p>\n<hr \/>\n<\/li>\n<li><span class=\"versaleta\"><a name=\"valonso\"><\/a>valonso2003<\/span><br \/>\n<em>Trajecte circular<\/em>, Vicent Alonso Catalina, Barcelona, ed. Edicions Bromera, 2003, p\u00e0g. 5-343.<\/p>\n<hr \/>\n<\/li>\n<li><span class=\"versaleta\">vconstr-uib<\/span><br \/>\n<em>L\u00e8xic multiling\u00fce de la construcci\u00f3: catal\u00e0-castell\u00e0-franc\u00e8s-angl\u00e8s-alemany<\/em>, Gabinet de Terminologia, Universitat de les Illes Balears, 2003.<\/p>\n<hr \/>\n<\/li>\n<li><span class=\"versaleta\"><em>vct<\/em><\/span><br \/>\n<em>Vocabulario cient\u00edfico y t\u00e9cnico<\/em>, Real Academia de Ciencias Exactas, F\u00edsicas y Naturales.<\/p>\n<hr \/>\n<\/li>\n<li><span class=\"versaleta\">veny 2001<\/span><br \/>\n<em>Llengua i entorn natural<\/em>, Joan Veny i Clar, Barcelona, ed. Edicions 62, 2001, p\u00e0g. 7-270.<\/p>\n<hr \/>\n<\/li>\n<li><span class=\"versaleta\">veny 2006<\/span><br \/>\n<em>Contacte i contrast de lleng\u00fces i dialectes<\/em>, Joan Veny i Clar, Val\u00e8ncia, ed. Universitat de Val\u00e8ncia, 2006, p\u00e0g. 7-272.<\/p>\n<hr \/>\n<\/li>\n<li><span class=\"versaleta\">veny-lhle<\/span><br \/>\n<em>Llengua hist\u00f2rica i llengua est\u00e0ndard<\/em>, Joan Veny i Clar, Val\u00e8ncia, ed. Universitat de Val\u00e8ncia, 2001, p\u00e0g. 7-268.<\/p>\n<hr \/>\n<\/li>\n<li><span class=\"versaleta\">vfaraudo<\/span><br \/>\n<em>Vocabulari de la llengua catalana medieval<\/em> [<a href=\"http:\/\/www.iecat.net\/faraudo\/default.asp\">en l\u00ednia<\/a>], Llu\u00eds Faraudo de Saint-Germain, IEC.<\/p>\n<hr \/>\n<\/li>\n<li><span class=\"versaleta\">vforest<\/span><br \/>\n<em>Vocabulari forestal<\/em>, Eduard Par\u00e9s, IEC &#8211; Generalitat de Catalunya, 1990.<\/p>\n<hr \/>\n<\/li>\n<li><span class=\"versaleta\">vocinternetfr<\/span>(?)<br \/>\n<hr \/>\n<\/li>\n<li><span class=\"versaleta\">vox<\/span><br \/>\n<em>Diccionario general de la lengua espa\u00f1ola Vox<\/em>, Barcelona, ed. Bibliograf.<\/p>\n<hr \/>\n<\/li>\n<li><span class=\"versaleta\">vsalvador01<\/span><br \/>\n<em>Els arxius del discurs. Episodis valencians d&#8217;hist\u00f2ria social de la llengua i la literatura<\/em>, Val\u00e8ncia, ed. IIFV-PAM, 2001.<\/p>\n<hr \/>\n<\/li>\n<li><span class=\"versaleta\">ware-beatty<\/span><br \/>\n<em>Diccionario manual ilustrado de arquitectura<\/em>, Naucalpan de Ju\u00e1rez (M\u00e8xic), ed. Gustavo Gili, 1994, p\u00e0g. V-XV\/1-203.<\/p>\n<hr \/>\n<\/li>\n<\/ul>\n","protected":false},"excerpt":{"rendered":"<p>Bibliografia m\u00e9s utilitzada alc. Diccionari catal\u00e0-valenci\u00e0-balear, Antoni Maria Alcover i Francesc de Borja Moll, ed. Moll, 1928-1962. alcover Diccionari catal\u00e0-valenci\u00e0-balear, Antoni Maria Alcover i Francesc de Borja Moll, ed. Moll, 1928-1962. aldc Atles ling\u00fc\u00edstic del domini catal\u00e0, Barcelona, ed. Institut d&#8217;Estudis Catalans. [Veg. punts d&#8217;enquesta]. aldt Atles ling\u00fc\u00edstic de la di\u00f2cesi de Tortosa, Llu\u00eds Gimeno [&hellip;]<\/p>\n","protected":false},"author":1,"featured_media":0,"parent":0,"menu_order":28,"comment_status":"closed","ping_status":"closed","template":"","meta":{"footnotes":""},"class_list":["post-177","page","type-page","status-publish","hentry"],"post_mailing_queue_ids":[],"_links":{"self":[{"href":"https:\/\/www.cdlpv.org\/fitxes\/wp-json\/wp\/v2\/pages\/177","targetHints":{"allow":["GET"]}}],"collection":[{"href":"https:\/\/www.cdlpv.org\/fitxes\/wp-json\/wp\/v2\/pages"}],"about":[{"href":"https:\/\/www.cdlpv.org\/fitxes\/wp-json\/wp\/v2\/types\/page"}],"author":[{"embeddable":true,"href":"https:\/\/www.cdlpv.org\/fitxes\/wp-json\/wp\/v2\/users\/1"}],"replies":[{"embeddable":true,"href":"https:\/\/www.cdlpv.org\/fitxes\/wp-json\/wp\/v2\/comments?post=177"}],"version-history":[{"count":42,"href":"https:\/\/www.cdlpv.org\/fitxes\/wp-json\/wp\/v2\/pages\/177\/revisions"}],"predecessor-version":[{"id":6096,"href":"https:\/\/www.cdlpv.org\/fitxes\/wp-json\/wp\/v2\/pages\/177\/revisions\/6096"}],"wp:attachment":[{"href":"https:\/\/www.cdlpv.org\/fitxes\/wp-json\/wp\/v2\/media?parent=177"}],"curies":[{"name":"wp","href":"https:\/\/api.w.org\/{rel}","templated":true}]}}