{"id":3221,"date":"2018-02-03T13:33:06","date_gmt":"2018-02-03T12:33:06","guid":{"rendered":"http:\/\/www.cdlpv.org\/dtl\/?page_id=3221"},"modified":"2023-11-08T11:19:52","modified_gmt":"2023-11-08T09:19:52","slug":"legis-reglaments","status":"publish","type":"page","link":"https:\/\/www.cdlpv.org\/dtl\/legislacio-linguistica\/legis-reglaments\/","title":{"rendered":"Legislaci\u00f3 ling\u00fc\u00edstica (PV): reglaments municipals"},"content":{"rendered":"<p style=\"text-align: right;\"><strong>Agra\u00efments a:<\/strong><br \/>\nInfoz\u00e8fir. Butllet\u00ed informatiu sobre llengua catalana<br \/>\nJosep F. Mol\u00e9s, Imma Cerd\u00e0, Coloma Gradol\u00ed, Ximo Victoriano,<br \/>\nFrancesc Sala, \u00c0ngel Alexandre, Irene Rocafull, Isabel M\u00e1\u00f1ez,<br \/>\nAnna Calvo, M. Josep Arayo, Josep Andr\u00e9s, Rosa Corchado,<br \/>\nCarles Juan Abad, Vicent Any\u00f3, Adolf Gisbert, Jes\u00fas L. Gim\u00e9nez,<br \/>\nJoan Ramon Sol\u00e9 i Durany, \u00d2scar P\u00e9rez Silvestre, Brauli Montoya i Abad,<br \/>\nAntoni Mas Miralles, Anna Gasc\u00f3 Bailach, Jordi Gim\u00e9nez i Maria Teresa Moll\u00e0 Villaplana.<br \/>\n[08.01.2018. Podeu trobar enlla\u00e7os semblants o complementaris en <a href=\"http:\/\/www.troballengua.com\/blog\/reglaments-municipals-us-i-normalitzacio-linguistica\/\" target=\"_blank\" rel=\"noopener noreferrer\">Troballengua.com<\/a>]\n[31.10.2023. \u00bfQu\u00e8 se n&#8217;ha fet del Troballengua?]\n<p>&nbsp;<\/p>\n<h2 style=\"text-align: center;\">\u2014\u0391\u2014<\/h2>\n<ol>\n<li><strong>Alaqu\u00e0s<\/strong>: Reglament municipal per a la promoci\u00f3 de l&#8217;\u00fas del valenci\u00e0 en el municipi d&#8217;Alaqu\u00e0s (acordat pel ple el 31 d&#8217;octubre del 2001) <a href=\"http:\/\/www.einesdellengua.com\/Legis\/Arxius\/Requisit\/reglaments\/reglalaquas.htm\" target=\"_blank\" rel=\"noopener noreferrer\"> <span class=\"versaleta\">[html]<\/span><\/a> <a href=\"http:\/\/www.alaquas.org\/ficheros\/documentos\/2005\/3\/10482\/rm3.pdf\" target=\"_blank\" rel=\"noopener noreferrer\"><span class=\"versaleta\">[pdf]<\/span><\/a><\/li>\n<li><strong>Alboraia<\/strong>: Reglament municipal per a la promoci\u00f3 de l&#8217;\u00fas del valenci\u00e0 en el municipi d&#8217;Alboraya <em>[sic]<\/em> (<span class=\"versaleta\"><em>bop<\/em><\/span> Val\u00e8ncia, n\u00fam. 156, del 3 de juliol del 2002) <a href=\"http:\/\/www.einesdellengua.com\/Legis\/Arxius\/Requisit\/reglaments\/reglalboraia.pdf\" target=\"_blank\" rel=\"noopener noreferrer\"><span class=\"versaleta\">[pdf]<\/span><\/a><\/li>\n<li><strong>Alcoi<\/strong>: Reglament de normalitzaci\u00f3 ling\u00fc\u00edstica per al municipi d&#8217;Alcoi i el seu Ajuntament (Aprovat pel Ple de l&#8217;Ajuntament, en sessi\u00f3 extraordin\u00e0ria, el dia 25 de gener de 1990) <a href=\"http:\/\/www.einesdellengua.com\/Legis\/Arxius\/Requisit\/reglaments\/reglalcoi.htm\" target=\"_blank\" rel=\"noopener noreferrer\"><span class=\"versaleta\">[html]<\/span><\/a><\/li>\n<li><strong>Alc\u00fadia: <\/strong>Reglament per a l\u2019\u00fas de la llengua catalana a l\u2019Ajuntament d\u2019Alc\u00fadia (<span class=\"versaleta\"><em>boib<\/em><\/span>, n\u00fam. 113, 20.09.2001) <a href=\"http:\/\/www.alcudia.net\/export\/sites\/default\/Transparencia-i-Participacio\/ca\/documentos\/documents_d_interes\/10.Normativa\/02.Reglaments\/18-Reglament-dus-de-la-llengua-catalana.pdf\" target=\"_blank\" rel=\"noopener noreferrer\"><span class=\"versaleta\">[html]<\/span><\/a><\/li>\n<li><strong>Algemes\u00ed<\/strong>: Reglament de normalitzaci\u00f3 ling\u00fc\u00edstica d&#8217;Algemes\u00ed (<span class=\"versaleta\"><em>bop<\/em><\/span> Val\u00e8ncia, n\u00fam. 204, de 27 d&#8217;agost de 1992) <a href=\"http:\/\/www.einesdellengua.com\/Legis\/Arxius\/Requisit\/reglaments\/reglalgemesi.htm\" target=\"_blank\" rel=\"noopener noreferrer\"><span class=\"versaleta\">[html]<\/span><\/a><\/li>\n<li><strong>Alzira<\/strong>: Reglament d&#8217;\u00fas i normalitzaci\u00f3 del valenci\u00e0 a la ciutat d&#8217;Alzira (&#8230;) <a href=\"http:\/\/www.einesdellengua.com\/Legis\/Arxius\/Requisit\/reglaments\/reglalzira.htm\" target=\"_blank\" rel=\"noopener noreferrer\"><span class=\"versaleta\">[html]<\/span><\/a>\n<ul>\n<li>Reglament de topon\u00edmia local d&#8217;Alzira (<em><span class=\"versaleta\">bop<\/span><\/em> Val\u00e8ncia, 26.04.2012) <a href=\"https:\/\/bop.dival.es\/bop\/downloads?anuncioNumReg=2012\/10990&amp;lang=va\" target=\"_blank\" rel=\"noopener\"><i class=\"fas fa-file-pdf\"><\/i><\/a><\/li>\n<\/ul>\n<\/li>\n<li><strong>Amposta<\/strong>: Reglament per a l&#8217;\u00fas de la llengua catalana <a href=\"http:\/\/www.ajuntamentamposta.org\/documents\/us_catala.pdf\"><span class=\"versaleta\">[pdf]<\/span><\/a><br \/>\n<h2 style=\"text-align: center;\">\u2014B\u2014<\/h2>\n<\/li>\n<li><strong>Barxeta:<\/strong> Reglament sobre l&#8217;\u00fas i la normalitzaci\u00f3 del valenci\u00e0 de l&#8217;Ajuntament de Barxeta (<span class=\"versaleta\"><em>bop<\/em><\/span> Val\u00e8ncia, 11.09.2004) <a href=\"https:\/\/bop.dival.es\/bop\/drvisapi.dll?MIval=DI_VerEdictoVis&amp;idEdicto=516108&amp;miIdioma=V\" target=\"_blank\" rel=\"noopener noreferrer\"><span class=\"versaleta\">[html]<\/span><\/a><\/li>\n<li><strong>Bellreguard<\/strong>: Reglament municipal d&#8217;\u00fas preferencial del valenci\u00e0 de l&#8217;ajuntament de Bellreguard (<span class=\"versaleta\"><em>bop<\/em><\/span> Val\u00e8ncia, n\u00fam. 112, de 12 de maig de 1992) <a href=\"http:\/\/www.einesdellengua.com\/Legis\/Arxius\/Requisit\/reglaments\/reglbellreguard.htm\" target=\"_blank\" rel=\"noopener noreferrer\"><span class=\"versaleta\">[html]<\/span><\/a><\/li>\n<li><strong>Benicarl\u00f3<\/strong>: Reglament municipal per a la normalitzaci\u00f3 ling\u00fc\u00edstica de l&#8217;Ajuntament de Benicarl\u00f3 (<span class=\"versaleta\"><em>bop<\/em><\/span> Castell\u00f3, n\u00fam. 99, de 18 d&#8217;agost de 1998) <a href=\"http:\/\/www.einesdellengua.com\/Legis\/Arxius\/Requisit\/reglaments\/reglbenicarlo.htm\" target=\"_blank\" rel=\"noopener noreferrer\"><span class=\"versaleta\">[html]<\/span><\/a><\/li>\n<li><strong>Benic\u00e0ssim<\/strong>: Reglament municipal per a la normalitzaci\u00f3 ling\u00fc\u00edstica <a href=\"http:\/\/www.einesdellengua.com\/Legis\/Arxius\/Requisit\/reglaments\/benicassim.pdf\" target=\"_blank\" rel=\"noopener noreferrer\"><span class=\"versaleta\">[pdf]<\/span><\/a><\/li>\n<li><strong>Betx\u00ed<\/strong>: Reglament municipal de normalitzaci\u00f3 ling\u00fc\u00edstica de Betx\u00ed (<span class=\"versaleta\"><em>bop<\/em><\/span> Castell\u00f3, n\u00fam. 70, de 13 de juny de 1989) <a href=\"http:\/\/www.einesdellengua.com\/Legis\/Arxius\/Requisit\/reglaments\/reglbetxi.htm\" target=\"_blank\" rel=\"noopener noreferrer\"><span class=\"versaleta\">[html]<\/span><\/a><\/li>\n<li><strong>Bonrep\u00f2s i Mirambell<\/strong>: Reglament municipal de normalitzaci\u00f3 ling\u00fc\u00edstica de l&#8217;Ajuntament de Bonrep\u00f2s i Mirambell (<span class=\"versaleta\"><em>bop<\/em><\/span> Val\u00e8ncia, n\u00fam. 30, de 5 de febrer de 1992) <a href=\"http:\/\/www.einesdellengua.com\/Legis\/Arxius\/Requisit\/reglaments\/reglbonrepos.htm\" target=\"_blank\" rel=\"noopener noreferrer\"><span class=\"versaleta\">[html]<\/span><\/a><\/li>\n<li><strong>Borriana<\/strong>: Reglament municipal de normalitzaci\u00f3 ling\u00fc\u00edstica de Borriana (<span class=\"versaleta\"><em>bop<\/em><\/span> Castell\u00f3, n\u00fam. 43, de 9 d&#8217;abril de 1988) <a href=\"http:\/\/www.einesdellengua.com\/Legis\/Arxius\/Requisit\/reglaments\/reglborriana.htm\" target=\"_blank\" rel=\"noopener noreferrer\"><span class=\"versaleta\">[html]<\/span><\/a><\/li>\n<li><strong>Burjassot:<\/strong> Reglament de normalitzaci\u00f3 del valenci\u00e0 per al municipi (<span class=\"versaleta\"><em>bop<\/em><\/span> Val\u00e8ncia, n\u00fam. 187, 09.08.2010) <span class=\"versaleta\"><a href=\"https:\/\/bop.dival.es\/bop\/drvisapi.dll?LO=00000001a6b7c8d9000000050000001d00000dba43479438000000000001000000000000000000000000000000000000000000000000000000000000000000000000000000000000&amp;type=application\/pdf\" target=\"_blank\" rel=\"noopener noreferrer\">&#8220;[pdf]<\/a><\/span><br \/>\n<h2 style=\"text-align: center;\">\u2014C\u2014<\/h2>\n<\/li>\n<li><strong>Calvi\u00e0<\/strong>: Reglament municipal de normalitzaci\u00f3 ling\u00fc\u00edstica <a href=\"http:\/\/www.calvia.com\/servlet\/model.web.ShowDoc?KARXIU=104&amp;TABLENAME=WEB.DOCUMENTACIO&amp;pageProcessKey=LOADINGDOCUMENT&amp;KDOCUMENTACIO=183\" target=\"_blank\" rel=\"noopener noreferrer\"><span class=\"versaleta\">[pdf]<\/span><\/a><\/li>\n<li><strong>Cambrils<\/strong>: Reglament per a l&#8217;\u00fas de la llengua catalana <a href=\"http:\/\/www.einesdellengua.com\/Legis\/Arxius\/Requisit\/reglaments\/reglcambrils.htm\" target=\"_blank\" rel=\"noopener noreferrer\"><span class=\"versaleta\">[html]<\/span><\/a><\/li>\n<li><strong>Canals<\/strong>: Reglament municipal de normalitzaci\u00f3 ling\u00fc\u00edstica de l&#8217;Ajuntament de Canals (<span class=\"versaleta\"><em>bop<\/em><\/span> Val\u00e8ncia, n\u00fam. 242, de 10 d&#8217;octubre de 1989) <a href=\"http:\/\/www.einesdellengua.com\/Legis\/Arxius\/Requisit\/reglaments\/reglcanals.htm\" target=\"_blank\" rel=\"noopener noreferrer\"><span class=\"versaleta\">[html]<\/span><\/a><\/li>\n<li><strong>Carcaixent<\/strong>: Reglament municipal per a la promoci\u00f3 de l&#8217;\u00fas del valenci\u00e0 en el municipi de Carcaixent (<span class=\"versaleta\"><em>bop<\/em><\/span> Val\u00e8ncia, n\u00fam. 206, de 31 d&#8217;agost de 19) <a href=\"http:\/\/www.einesdellengua.com\/Legis\/Arxius\/Requisit\/reglaments\/reglcarcaixent.htm\" target=\"_blank\" rel=\"noopener noreferrer\"><span class=\"versaleta\">[html]<\/span><\/a><\/li>\n<li><strong>Carlet<\/strong>: Reglament de normalitzaci\u00f3 ling\u00fc\u00edstica de l&#8217;Ajuntament de Carlet (<span class=\"versaleta\"><em>bop<\/em><\/span> Val\u00e8ncia, n\u00fam. 145, de 19 de juny de 1992) <a href=\"http:\/\/www.einesdellengua.com\/Legis\/Arxius\/Requisit\/reglaments\/reglcarlet.htm\" target=\"_blank\" rel=\"noopener noreferrer\"><span class=\"versaleta\">[html]<\/span><\/a><\/li>\n<li><strong>Castellbisbal<\/strong>: Reglament per a l&#8217;\u00fas d la llengua catalana a l&#8217;Ajuntament de Castellbisbal (<span class=\"versaleta\"><em>bop<\/em><\/span> Barcelona, n\u00fam. 51, de 28 de febrer del 2009) <a href=\"http:\/\/www.einesdellengua.com\/Legis\/Arxius\/Requisit\/reglaments\/reglcastellbisbal2009.pdf\" target=\"_blank\" rel=\"noopener noreferrer\"><span class=\"versaleta\">[pdf]<\/span><\/a><\/li>\n<li><strong>Castell\u00f3 de la Plana<\/strong>: Reglament de normalitzaci\u00f3 ling\u00fc\u00edstica de l&#8217;\u00fas del valenci\u00e0 a l&#8217;Ajuntament de Castell\u00f3 de la Plana (<span class=\"versaleta\"><em>bop<\/em><\/span> Castell\u00f3, n\u00fam. 14, de 31 de gener de 1991) <a href=\"http:\/\/www.einesdellengua.com\/Legis\/Arxius\/Requisit\/reglaments\/reglcastplana.pdf\" target=\"_blank\" rel=\"noopener noreferrer\"><span class=\"versaleta\">[pdf]<\/span><\/a><\/li>\n<li><strong>Cocentaina<\/strong>: Reglament de normalitzaci\u00f3 ling\u00fc\u00edstica per al municipi de Cocentaina i el seu ajuntament (<span class=\"versaleta\"><em>bop<\/em><\/span> Alacant, n\u00fam. 270, de 23 de novembre de 2000) <a href=\"http:\/\/www.einesdellengua.com\/Legis\/Arxius\/Requisit\/reglaments\/reglcocentaina.htm\" target=\"_blank\" rel=\"noopener noreferrer\"><span class=\"versaleta\">[html]<\/span><\/a><\/li>\n<li><strong>Cunit<\/strong>: Reglament per a l&#8217;\u00fas de la llengua catalana (<span class=\"versaleta\"><em>bop<\/em><\/span> Tarragona, n\u00fam. 260, d&#8217;11 de novembre de 1992) <a href=\"http:\/\/www.einesdellengua.com\/Legis\/Arxius\/Requisit\/reglaments\/reglcunit.htm\" target=\"_blank\" rel=\"noopener noreferrer\"><span class=\"versaleta\">[html]<\/span><\/a> <a href=\"http:\/\/www.cunit.org\/catala\/Externos\/pdf\/REGLAMENTS08\/9.04 Catala 08.pdf\" target=\"_blank\" rel=\"noopener noreferrer\"><span class=\"versaleta\">[pdf]<\/span><\/a><br \/>\n<h2 style=\"text-align: center;\">\u2014D\u2014<\/h2>\n<\/li>\n<li><strong>D\u00e9nia<\/strong>: Reglament de normalitzaci\u00f3 ling\u00fc\u00edstica per al municipi de D\u00e9nia (<span class=\"versaleta\"><em>bop<\/em><\/span> Alacant, n\u00fam. 196, d&#8217;1 d&#8217;agost de 2002) <a href=\"http:\/\/www.einesdellengua.com\/Legis\/Arxius\/Requisit\/reglaments\/regldenia.htm\" target=\"_blank\" rel=\"noopener noreferrer\"><span class=\"versaleta\">[html]<\/span><\/a><br \/>\n<h2 style=\"text-align: center;\">\u2014E\u2014<\/h2>\n<\/li>\n<li><strong>Eliana, l&#8217;<\/strong>: Reglament d\u2019\u00fas i normalitzaci\u00f3 del valenci\u00e0 a l\u2019Eliana (<span class=\"versaleta\"><em>bop<\/em><\/span> Val\u00e8ncia, n\u00fam. 246, 24.12.2015) <a href=\"https:\/\/bop.dival.es\/bop\/drvisapi.dll?LO=00000001a6b7c8d9000000050000003c00000805434d3f3a000000000001000000000000000000000000000000000000000000000000000000000000000000000000000000000000&amp;type=application\/pdf\" target=\"_blank\" rel=\"noopener noreferrer\"><span class=\"versaleta\">[pdf]<\/span><\/a><\/li>\n<li><strong>Elx<\/strong>: reglament de normalitzaci\u00f3 ling\u00fc\u00edstica per al municipi d&#8217;Elx i el seu ajuntament (<span class=\"versaleta\"><em>bop<\/em><\/span> Alacant, n\u00fam. 121, de 25 de maig de 1997) <a href=\"http:\/\/www.einesdellengua.com\/Legis\/Arxius\/Requisit\/reglaments\/reglelx.htm\" target=\"_blank\" rel=\"noopener noreferrer\"><span class=\"versaleta\">[html]<\/span><\/a><br \/>\n<h2 style=\"text-align: center;\">\u2014G\u2014<\/h2>\n<\/li>\n<li><strong>Girona<\/strong>: Reglament per a l&#8217;\u00fas de la llengua catalana <a href=\"http:\/\/www.ajuntament.gi\/ajuntament\/ordenances\/RINT\/catala.html\" target=\"_blank\" rel=\"noopener noreferrer\"><span class=\"versaleta\">[html]<\/span><\/a> (<span class=\"versaleta\"><em>bop<\/em><\/span> Girona, n\u00fam. 26, de 17 de febrer de 1996)<\/li>\n<li><strong>Godella<\/strong>: Reglament municipal per a la promoci\u00f3 de l&#8217;\u00fas del valenci\u00e0 <a href=\"http:\/\/www.einesdellengua.com\/Legis\/Arxius\/Requisit\/reglaments\/reglgodella.htm\" target=\"_blank\" rel=\"noopener noreferrer\"><span class=\"versaleta\">[html]<\/span><\/a> (<span class=\"versaleta\"><em>bop<\/em><\/span> Val\u00e8ncia, n\u00fam. 169, de 18 de juliol del 2000)<br \/>\n<h2 style=\"text-align: center;\">\u2014M\u2014<\/h2>\n<\/li>\n<li><strong>Mallorca<\/strong>: Reglament de regulaci\u00f3 de l&#8217;\u00fas de la llengua catalana dins l&#8217;\u00e0mbit de compet\u00e8ncia del Consell Insular de Mallorca (<span class=\"versaleta\"><em>bocaib<\/em><\/span>, n\u00fam. 69, de 6 de juny de 1989; correcci\u00f3 d&#8217;errades en el n\u00fam. 86, de 15 de juliol de 1989) <a href=\"http:\/\/www.einesdellengua.com\/Legis\/Arxius\/Requisit\/reglaments\/reglcimallorca.htm\" target=\"_blank\" rel=\"noopener noreferrer\"><span class=\"versaleta\">[html]<\/span><\/a><\/li>\n<li><strong>Manises<\/strong>: Reglament municipal per a la normalitzaci\u00f3 ling\u00fc\u00edstica (<span class=\"versaleta\"><em>bop<\/em><\/span> Val\u00e8ncia, n\u00fam. 260, de 31 d&#8217;octubre de 1992) <a href=\"http:\/\/nfweb20.dival.es\/mainframe.asp?APPNAME=ID0000&amp;USER=BoletinesLink&amp;PASSWORD=B&amp;OPENINTHISPANEL=1\" target=\"_blank\" rel=\"noopener noreferrer\"><span class=\"versaleta\">[html]<\/span><\/a> \/ <span class=\"versaleta\"><a href=\"http:\/\/www.manises.es\/sites\/default\/files\/tmp\/reglament_valencia.pdf\" target=\"_blank\" rel=\"noopener noreferrer\">[pdf]<\/a><\/span><\/li>\n<li><strong>Manresa<\/strong>: Reglament per a l&#8217;\u00fas de la llengua catalana (<span class=\"versaleta\">bop<\/span> Barcelona, n\u00fam. 4, 05.01.1994) <span class=\"versaleta\"><a href=\"https:\/\/www.manresa.cat\/docs\/arxius\/Reglament%20per%20a%20l%20us%20de%20la%20llengua%20catalana%20a%20l%20ajuntament%20de%20Manresa.pdf\" target=\"_blank\" rel=\"noopener noreferrer\">[pdf]<\/a><\/span><\/li>\n<li><strong>Moncofa<\/strong>: Reglament municipal per a la normalitzaci\u00f3 ling\u00fc\u00edstica ajuntament de Moncofa (<span class=\"versaleta\"><em>bop<\/em><\/span> Castell\u00f3, n\u00fam. 125, de 18 d&#8217;octubre de 2001) <a href=\"https:\/\/moncofa.sedelectronica.es\/?x=RrNTyPNapdEakasy8tJO-ZkT5HGVIfqhBd5xq1WE*e-*8BvXXCZAG9Mdv8-O-F5iFtIt3b9O*dP6QsK7vHU0azKAAja79GkJvTkZuhr3FQcvLS4x0FJf3Q\" target=\"_blank\" rel=\"noopener noreferrer\"><span class=\"versaleta\">[pdf]<\/span><\/a> \/ <a href=\"http:\/\/einesdellengua.com\/Legis\/Arxius\/Requisit\/reglaments\/reglmoncofa.htm\" target=\"_blank\" rel=\"noopener noreferrer\"><span class=\"versaleta\">[html]<\/span><\/a><\/li>\n<li><strong>Montserrat<\/strong>: Reglament d&#8217;\u00fas i promoci\u00f3 del valenci\u00e0 de l&#8217;Ajuntament de Monserrat (<span class=\"versaleta\"><em>bop<\/em><\/span> Val\u00e8ncia, n\u00fam. 250, de 20 d&#8217;octubre de 2004) <a href=\"http:\/\/www.einesdellengua.com\/Legis\/Arxius\/Requisit\/reglaments\/reglmontserrat.htm\" target=\"_blank\" rel=\"noopener noreferrer\"><span class=\"versaleta\">[html]<\/span><\/a><\/li>\n<li><strong>Muro<\/strong>: Reglament municipal sobre l&#8217;\u00fas i la normalitzaci\u00f3 del valenci\u00e0 al municipi de Muro (<span class=\"versaleta\"><em>bop<\/em><\/span> Alacant, de 15 de maig de 2003) <a href=\"http:\/\/www.einesdellengua.com\/Legis\/Arxius\/Requisit\/reglaments\/reglmuro.htm\" target=\"_blank\" rel=\"noopener noreferrer\"><span class=\"versaleta\">[html]<\/span><\/a><\/li>\n<li><strong>Mutxamel<\/strong>: Reglament de normalitzaci\u00f3 ling\u00fc\u00edstica del valenci\u00e0 per al municipi de Mutxamel (<span class=\"versaleta\"><em>bop<\/em><\/span> Alacant, n\u00fam. 65, de 20 de mar\u00e7 de 2002) <a href=\"http:\/\/www.einesdellengua.com\/Legis\/Arxius\/Requisit\/reglaments\/reglmutxamel.htm\" target=\"_blank\" rel=\"noopener noreferrer\"><span class=\"versaleta\">[html]<\/span><\/a><br \/>\n<h2 style=\"text-align: center;\">\u2014N\u2014<\/h2>\n<\/li>\n<li><strong>Novelda<\/strong>: Reglament de normalitzaci\u00f3 ling\u00fc\u00edstica de l&#8217;Ajuntament de Novelda (Aprovat pel Ple el dia 7 de mar\u00e7 de 1991) <a href=\"http:\/\/www.einesdellengua.com\/Legis\/Arxius\/Requisit\/reglaments\/reglnovelda.htm\" target=\"_blank\" rel=\"noopener noreferrer\"><span class=\"versaleta\">[html]<\/span><\/a><br \/>\n<h2 style=\"text-align: center;\">\u2014O\u2014<\/h2>\n<\/li>\n<li><strong>Olot<\/strong>: Reglament per a l&#8217;\u00fas de la llengua catalana <a href=\"http:\/\/www.olot.cat\/FitxersWeb\/1544\/Regl_us_llengua_catalana.pdf\" target=\"_blank\" rel=\"noopener noreferrer\"><span class=\"versaleta\">[pdf]<\/span><\/a><\/li>\n<li><a name=\"olot\"><\/a>\u2014 Reglament de topon\u00edmia local de l&#8217;Ajuntament d&#8217;Olot (<span class=\"versaleta\"><em>bop<\/em><\/span> Girona, n\u00fam. 148, de 2 d&#8217;agost de 2002) <a href=\"http:\/\/www.einesdellengua.com\/Legis\/Arxius\/Requisit\/reglaments\/reglolottopon.htm\" target=\"_blank\" rel=\"noopener noreferrer\"><span class=\"versaleta\">[html]<\/span><\/a><\/li>\n<li><strong>Ondara<\/strong>: Reglament de normalitzaci\u00f3 ling\u00fc\u00edstica de la vila d&#8217;Ondara <a href=\"http:\/\/www.einesdellengua.com\/Legis\/Arxius\/Requisit\/reglaments\/reglondara.htm\" target=\"_blank\" rel=\"noopener noreferrer\"><span class=\"versaleta\">[html]<\/span><\/a><\/li>\n<li><strong>Ontinyent<\/strong>: Reglament municipal sobre l&#8217;\u00fas i la normalitzaci\u00f3 del valenci\u00e0 al municipi de la ciutat d&#8217;Ontinyent <a href=\"http:\/\/www.einesdellengua.com\/Legis\/Arxius\/Requisit\/reglaments\/reglontinyent.htm\" target=\"_blank\" rel=\"noopener noreferrer\"><span class=\"versaleta\">[html]<\/span><\/a><br \/>\n<h2 style=\"text-align: center;\">\u2014P\u2014<\/h2>\n<\/li>\n<li><strong>Palma<\/strong>: Reglament municipal de normalitzaci\u00f3 ling\u00fc\u00edstica de l&#8217;ajuntament de Palma (<span class=\"versaleta\"><em>bocaib<\/em><\/span>, n\u00fam. 131, de 20 d&#8217;octubre de 1987) <a href=\"http:\/\/www.palmademallorca.es\/portalPalma2\/fdoc_d4_v1.jsp?nivel=1400&amp;tipo=5&amp;contenido=465&amp;language=ca#\" target=\"_blank\" rel=\"noopener noreferrer\"><span class=\"versaleta\">[html]<\/span><\/a><\/li>\n<li><strong>Paterna<\/strong>: Reglament municipal d&#8217;\u00fas i promoci\u00f3 de l&#8217;idioma valenci\u00e0 de l&#8217;Ajuntament de Paterna (<span class=\"versaleta\"><em>bop<\/em><\/span> Val\u00e8ncia, n\u00fam. 90, de 17 d&#8217;abril de 1999) <a href=\"http:\/\/www.einesdellengua.com\/Legis\/Arxius\/Requisit\/reglaments\/reglpaterna.htm\" target=\"_blank\" rel=\"noopener noreferrer\"><span class=\"versaleta\">[html]<\/span><\/a><\/li>\n<li><strong>Petrer<\/strong>: Reglament de normalitzaci\u00f3 ling\u00fc\u00edstica per al municipi de Petrer i el seu ajuntament (<span class=\"versaleta\"><em>bop<\/em><\/span> Alacant, n\u00fam. 222, de 25.09.2000; modificaci\u00f3 art. 16, <span class=\"versaleta\"><em>bop<\/em><\/span> Alacant, n\u00fam. 66, 21.03.2003) <a href=\"http:\/\/www.einesdellengua.com\/Legis\/Arxius\/Requisit\/reglaments\/reglpetrer.htm\" target=\"_blank\" rel=\"noopener noreferrer\"><span class=\"versaleta\">[html]<\/span><\/a><\/li>\n<li><strong>Picassent<\/strong>: Reglament municipal per a la normalitzaci\u00f3 ling\u00fc\u00edstica de l&#8217;Ajuntament de Picassent (<span class=\"versaleta\"><em>bop<\/em><\/span> Val\u00e8ncia, n\u00fam. 10, de 13 de gener de 1994) <a href=\"http:\/\/www.einesdellengua.com\/Legis\/Arxius\/Requisit\/reglaments\/reglpicassent.htm\" target=\"_blank\" rel=\"noopener noreferrer\"><span class=\"versaleta\">[html]<\/span><\/a><\/li>\n<li><strong>Planes<\/strong>: Moci\u00f3 de l&#8217;alcaldia-presid\u00e8ncia per a l&#8217;aprovaci\u00f3 del reglament municipal sobre l&#8217;\u00fas i la normalitzaci\u00f3 del valenci\u00e0 al municipi de la Vila de Planes (&#8230;) <a href=\"http:\/\/www.einesdellengua.com\/Legis\/Arxius\/Requisit\/reglaments\/reglplanes.htm\" target=\"_blank\" rel=\"noopener noreferrer\"><span class=\"versaleta\">[html]<\/span><\/a><\/li>\n<li><strong>Pobla de Farnals, la:<\/strong> Reglament Municipal sobre \u00fas i normalitzaci\u00f3 del valenci\u00e0 al municipi de la Pobla de Farnals (<span class=\"versaleta\"><em>bop<\/em><\/span> Val\u00e8ncia, n\u00famero 21, de 30 de gener de 2018) <a href=\"http:\/\/bop.dival.es\/bop\/drvisapi.dll?MIval=DI_VerEdictoVis&amp;idEdicto=3085062&amp;miIdioma=V\" target=\"_blank\" rel=\"noopener noreferrer\">[html]<\/a><\/li>\n<li><strong>Pu\u00e7ol<\/strong>: Reglament de normalitzaci\u00f3 i \u00fas del valenci\u00e0 (<span class=\"versaleta\"><em>bop<\/em><\/span> Val\u00e8ncia, n\u00famero 207, de 31 d\u2019agost de 2006) <a href=\"https:\/\/bop.dival.es\/bop\/drvisapi.dll?LO=00000001a6b7c8d9000000050000000700003e5e43451b31000000000001000000000000000000000000000000000000000000000000000000000000000000000000000000000000&amp;type=application\/pdf\" target=\"_blank\" rel=\"noopener noreferrer\"><span class=\"versaleta\">[pdf]<\/span><\/a><br \/>\n<h2 style=\"text-align: center;\">\u2014R\u2014<\/h2>\n<\/li>\n<li><strong>Reus<\/strong>: Reglament per a l&#8217;\u00fas de la llengua catalana <a href=\"http:\/\/serveis.reus.cat\/gcc\/adjunt.php?codi=474\" target=\"_blank\" rel=\"noopener noreferrer\"><span class=\"versaleta\">[pdf]<\/span><\/a><\/li>\n<li><strong>Rub\u00ed<\/strong>: Reglament d&#8217;\u00fas de la llengua catalana a l&#8217;Ajuntament de Rub\u00ed <a href=\"http:\/\/www.ajrubi.es\/ajrubi\/recursos\/salt.php?codi=102\" target=\"_blank\" rel=\"noopener noreferrer\"><span class=\"versaleta\">[pdf]<\/span><\/a><br \/>\n<h2 style=\"text-align: center;\">\u2014S\u2014<\/h2>\n<\/li>\n<li><strong>Sant Cugat del Vall\u00e8s<\/strong>: Reglament per a l&#8217;\u00fas de la llengua catalana <a href=\"http:\/\/www.santcugat.cat\/files\/651-941-fitxer\/ReglamentCatala_20071130.pdf\" target=\"_blank\" rel=\"noopener noreferrer\"><span class=\"versaleta\">[pdf]<\/span><\/a><\/li>\n<li><a name=\"sagunt\"><\/a><strong>Sagunt<\/strong>: Reglament d&#8217;Usos Ling\u00fc\u00edstics de l&#8217;Ajuntament de Sagunt (<a href=\"http:\/\/bop.dva.gva.es\/bop\/drvisapi.dll?MIval=DI_VerEdictoVis&amp;idEdicto=387172&amp;miIdioma=V\" target=\"_blank\" rel=\"noopener noreferrer\"><span class=\"versaleta\"><em>bop<\/em><\/span> Val\u00e8ncia, n\u00fam. 73<\/a>, de 26 de mar\u00e7 de 2004) <a href=\"http:\/\/www.einesdellengua.com\/Legis\/Arxius\/Requisit\/reglaments\/reglsagunt.htm\" target=\"_blank\" rel=\"noopener noreferrer\"><span class=\"versaleta\">[html]<\/span><\/a><\/li>\n<li><a name=\"santjoan\"><\/a><strong>Sant Joan d&#8217;Alacant<\/strong>: Reglament de normalitzaci\u00f3 ling\u00fc\u00edstica del valenci\u00e0 (&#8230;) <a href=\"http:\/\/www.santjoandalacant.es\/sites\/default\/files\/2017-09\/REGLAMENTO_DE_NORMALIZACION_LINGUISTICA.pdf\" target=\"_blank\" rel=\"noopener noreferrer\"><span class=\"versaleta\">[pdf]<\/span><\/a><\/li>\n<li><a name=\"santapola\"><\/a><strong>Santa Pola<\/strong>: Reglament de normalitzaci\u00f3 ling\u00fc\u00edstica (Aprovat en 1991) <a href=\"http:\/\/www.einesdellengua.com\/Legis\/Arxius\/Requisit\/reglaments\/reglsantapola.htm\" target=\"_blank\" rel=\"noopener noreferrer\"><span class=\"versaleta\">[html]<\/span><\/a><\/li>\n<li><strong>Silla<\/strong>: Reglament municipal sobre l&#8217;\u00fas i la normalitzaci\u00f3 del valenci\u00e0 al municipi de Silla (<span class=\"versaleta\"><em>bop<\/em><\/span> Val\u00e8ncia, n\u00fam. 101, de 30 d&#8217;abril de 1994) <a href=\"http:\/\/www.einesdellengua.com\/Legis\/Arxius\/Requisit\/reglaments\/reglsilla.htm\" target=\"_blank\" rel=\"noopener noreferrer\"><span class=\"versaleta\">[html]<\/span><\/a><\/li>\n<li><strong>Sueca<\/strong>: Reglament de normalitzaci\u00f3 ling\u00fc\u00edstica de l&#8217;Ajuntament de Sueca (<span class=\"versaleta\"><em>bop<\/em><\/span> Val\u00e8ncia, n\u00fam. 266, de 7 de novembre de 1992) <a href=\"http:\/\/www.einesdellengua.com\/Legis\/Arxius\/Requisit\/reglaments\/reglsueca.htm\" target=\"_blank\" rel=\"noopener noreferrer\"><span class=\"versaleta\">[html]<\/span><\/a><br \/>\n<h2 style=\"text-align: center;\">\u2014T\u2014<\/h2>\n<\/li>\n<li><strong>Tavernes de la Valldigna<\/strong>: Reglament d&#8217;actuaci\u00f3 preferencial del valenci\u00e0 de l&#8217;Ajuntament de Tavernes de la Valldigna (<span class=\"versaleta\"><em>bop<\/em><\/span> Val\u00e8ncia, n\u00fam. 127, de 29 de maig de 1992) <a href=\"http:\/\/www.einesdellengua.com\/Legis\/Arxius\/Requisit\/reglaments\/regltavernesv.htm\" target=\"_blank\" rel=\"noopener noreferrer\"><span class=\"versaleta\">[html]<\/span><\/a><\/li>\n<li><strong>Tor\u00eds<\/strong>: Reglament de normalitzaci\u00f3 ling\u00fc\u00edstica del poble de Tur\u00eds (<span class=\"versaleta\"><em>bop<\/em><\/span> Val\u00e8ncia, de 24 d&#8217;octubre de 2000) <a href=\"http:\/\/www.einesdellengua.com\/Legis\/Arxius\/Requisit\/reglaments\/regltoris.htm\" target=\"_blank\" rel=\"noopener noreferrer\"><span class=\"versaleta\">[html]<\/span><\/a><\/li>\n<li><strong>Torrent<\/strong>: Reglament municipal per a la normalitzaci\u00f3 ling\u00fc\u00edstica de l&#8217;Ajuntament de Torrent (<span class=\"versaleta\"><em>bop<\/em><\/span> Val\u00e8ncia, n\u00fam. 102, de 2 de maig de 2005) <a href=\"http:\/\/www.einesdellengua.com\/Legis\/Arxius\/Requisit\/reglaments\/regltorrent.htm\" target=\"_blank\" rel=\"noopener noreferrer\"><span class=\"versaleta\">[html]<\/span><\/a><br \/>\n<h2 style=\"text-align: center;\">\u2014V\u2014<\/h2>\n<\/li>\n<li><strong>Val\u00e8ncia<\/strong>: Reglament sobre l&#8217;\u00fas i la normalitzaci\u00f3 del valenci\u00e0 al municipi de la ciutat de Val\u00e8ncia <a href=\"http:\/\/www.einesdellengua.com\/Legis\/Arxius\/Requisit\/reglaments\/reglvalencia2005.htm\" target=\"_blank\" rel=\"noopener noreferrer\">[HTML: versi\u00f3 oficial 2005]<\/a> <a href=\"http:\/\/www.einesdellengua.com\/Legis\/Arxius\/Requisit\/reglaments\/reglvalencia.htm\" target=\"_blank\" rel=\"noopener noreferrer\">[HTML: versi\u00f3 1996]<\/a><\/li>\n<li><strong>Vila-real<\/strong>: Reglament municipal per a la normalitzaci\u00f3 ling\u00fc\u00edstica de l&#8217;Ajuntament <a href=\"http:\/\/www.ajvila-real.es\/doc\/valencia_reglament_normalitzacio_linguistica.htm\" target=\"_blank\" rel=\"noopener noreferrer\"><span class=\"versaleta\">[html]<\/span><\/a><\/li>\n<li><strong>Vilafranca del Pened\u00e8s<\/strong>: Reglament per a l&#8217;\u00fas de la llengua catalana a l&#8217;Ajuntament <a href=\"http:\/\/www.vilafranca.org\/content\/tramits\/Reglament%20Us%20del%20Catala.pdf\" target=\"_blank\" rel=\"noopener noreferrer\"><span class=\"versaleta\">[pdf]<\/span><\/a><\/li>\n<li><strong>Vinar\u00f2s<\/strong>: Reglament de normalitzaci\u00f3 ling\u00fc\u00edstica de Vinar\u00f2s<br \/>\n&#8211; RNL. Versi\u00f3 del 1999: <span class=\"versaleta\"><em>bop<\/em><\/span> Castell\u00f3, n\u00fam. 23, de 22 de febrer de 1997; <span class=\"versaleta\"><em>bop<\/em><\/span> Castell\u00f3, n\u00fam. 84, de 10 de juliol de 1999 [modif. art. 7] <a href=\"http:\/\/www.einesdellengua.com\/Legis\/Arxius\/Requisit\/reglaments\/reglvinaros.htm\" target=\"_blank\" rel=\"noopener noreferrer\"><span class=\"versaleta\"><i class=\"fas fa-link\"><\/i><\/span><\/a><br \/>\n&#8211; Reglament de topon\u00edmia local de Vinar\u00f2s: <span class=\"versaleta\"><em>bop<\/em><\/span> Castell\u00f3, n\u00fam. 41, d&#8217;01.04.2008 <a href=\"http:\/\/www.einesdellengua.com\/Legis\/Arxius\/Requisit\/reglaments\/vinarostopon.htm\" target=\"_blank\" rel=\"noopener noreferrer\"><span class=\"versaleta\"><i class=\"fas fa-link\"><\/i><\/span><\/a><br \/>\n&#8211; RNL. Versi\u00f3 del 2012: <em><span class=\"versaleta\">bop<\/span><\/em> Castell\u00f3, n\u00fam. 125, de 18 d&#8217;octubre de 2012 <a href=\"https:\/\/www.vinaros.es\/sites\/default\/files\/2018-01\/Ordenan%C3%A7a%20Municipal%202012-10-18.pdf\" target=\"_blank\" rel=\"noopener\"><i class=\"fas fa-file-pdf\"><\/i><\/a><\/p>\n<h2 style=\"text-align: center;\">\u2014X\u2014<\/h2>\n<\/li>\n<li><strong>X\u00e0tiva<\/strong>: Reglament municipal per a la normalitzaci\u00f3 ling\u00fc\u00edstica del municipi de X\u00e0tiva (<span class=\"versaleta\"><em>bop<\/em><\/span> Val\u00e8ncia, n\u00fam. 51, d&#8217;1 de mar\u00e7 de 1989) <a href=\"http:\/\/www.einesdellengua.com\/Legis\/Arxius\/Requisit\/reglaments\/reglxativa.htm\" target=\"_blank\" rel=\"noopener noreferrer\"><span class=\"versaleta\">[html]<\/span><\/a><\/li>\n<li><strong>Xirivella<\/strong>: reglament de normalitzaci\u00f3 ling\u00fc\u00edstica de l&#8217;Ajuntament de Xirivella (<span class=\"versaleta\"><em>bop<\/em><\/span> Val\u00e8ncia, n\u00fam. 97, de 24 d&#8217;abril de 1994) <a href=\"http:\/\/www.einesdellengua.com\/Legis\/Arxius\/Requisit\/reglaments\/reglxirivella.htm\" target=\"_blank\" rel=\"noopener noreferrer\"><span class=\"versaleta\">[html]<\/span><\/a><\/li>\n<\/ol>\n","protected":false},"excerpt":{"rendered":"<p>Agra\u00efments a: Infoz\u00e8fir. Butllet\u00ed informatiu sobre llengua catalana Josep F. Mol\u00e9s, Imma Cerd\u00e0, Coloma Gradol\u00ed, Ximo Victoriano, Francesc Sala, \u00c0ngel Alexandre, Irene Rocafull, Isabel M\u00e1\u00f1ez, Anna Calvo, M. Josep Arayo, Josep Andr\u00e9s, Rosa Corchado, Carles Juan Abad, Vicent Any\u00f3, Adolf Gisbert, Jes\u00fas L. Gim\u00e9nez, Joan Ramon Sol\u00e9 i Durany, \u00d2scar P\u00e9rez Silvestre, Brauli Montoya i [&hellip;]<\/p>\n","protected":false},"author":56,"featured_media":0,"parent":3097,"menu_order":8,"comment_status":"closed","ping_status":"closed","template":"","meta":{"footnotes":""},"class_list":["post-3221","page","type-page","status-publish","hentry"],"_links":{"self":[{"href":"https:\/\/www.cdlpv.org\/dtl\/wp-json\/wp\/v2\/pages\/3221","targetHints":{"allow":["GET"]}}],"collection":[{"href":"https:\/\/www.cdlpv.org\/dtl\/wp-json\/wp\/v2\/pages"}],"about":[{"href":"https:\/\/www.cdlpv.org\/dtl\/wp-json\/wp\/v2\/types\/page"}],"author":[{"embeddable":true,"href":"https:\/\/www.cdlpv.org\/dtl\/wp-json\/wp\/v2\/users\/56"}],"replies":[{"embeddable":true,"href":"https:\/\/www.cdlpv.org\/dtl\/wp-json\/wp\/v2\/comments?post=3221"}],"version-history":[{"count":26,"href":"https:\/\/www.cdlpv.org\/dtl\/wp-json\/wp\/v2\/pages\/3221\/revisions"}],"predecessor-version":[{"id":4477,"href":"https:\/\/www.cdlpv.org\/dtl\/wp-json\/wp\/v2\/pages\/3221\/revisions\/4477"}],"up":[{"embeddable":true,"href":"https:\/\/www.cdlpv.org\/dtl\/wp-json\/wp\/v2\/pages\/3097"}],"wp:attachment":[{"href":"https:\/\/www.cdlpv.org\/dtl\/wp-json\/wp\/v2\/media?parent=3221"}],"curies":[{"name":"wp","href":"https:\/\/api.w.org\/{rel}","templated":true}]}}